{"id":523,"date":"2022-03-07T10:54:04","date_gmt":"2022-03-07T09:54:04","guid":{"rendered":"https:\/\/new.apadahcas.org\/?page_id=523"},"modified":"2022-03-07T12:19:39","modified_gmt":"2022-03-07T11:19:39","slug":"apadahcas","status":"publish","type":"page","link":"https:\/\/www.apadahcas.org\/index.php\/apadahcas\/","title":{"rendered":"APADAHCAS"},"content":{"rendered":"<style>.wp-show-posts-columns#wpsp-554 {margin-left: -2em; }.wp-show-posts-columns#wpsp-554 .wp-show-posts-inner {margin: 0 0 2em 2em; }<\/style><section id=\"wpsp-554\" class=\" wp-show-posts-columns wp-show-posts\" style=\"\"><article class=\" wp-show-posts-single post-1789 post type-post status-publish format-standard has-post-thumbnail hentry category-actividades category-apadahcas category-escuela-familia category-noticias wpsp-col-6\" itemtype=\"http:\/\/schema.org\/CreativeWork\" itemscope><div class=\"wp-show-posts-inner\" style=\"\">\t\t\t\t\t\t<header class=\"wp-show-posts-entry-header\">\n\t\t\t\t\t\t\t<h2 class=\"wp-show-posts-entry-title\" itemprop=\"headline\"><a href=\"https:\/\/www.apadahcas.org\/index.php\/2026\/01\/26\/primera-escuela-de-familias-del-ano-aprender-a-acompanar-el-manejo-del-dinero-sin-miedo\/\" rel=\"bookmark\">Primera Escuela de Familias del a\u00f1o: aprender a acompa\u00f1ar el manejo del dinero sin miedo<\/a><\/h2><div class=\"wp-show-posts-entry-meta wp-show-posts-entry-meta-below-title post-meta-inline\"><span class=\"wp-show-posts-posted-on wp-show-posts-meta\">\n\t\t\t\t\t<a href=\"https:\/\/www.apadahcas.org\/index.php\/2026\/01\/26\/primera-escuela-de-familias-del-ano-aprender-a-acompanar-el-manejo-del-dinero-sin-miedo\/\" title=\"11:31 am\" rel=\"bookmark\"><time class=\"wp-show-posts-entry-date published\" datetime=\"2026-01-26T11:31:36+01:00\" itemprop=\"datePublished\">26\/01\/2026<\/time><\/a>\n\t\t\t\t<\/span><\/div>\t\t\t\t\t\t<\/header><!-- .entry-header -->\n\t\t\t\t\t\t\t<div class=\"wp-show-posts-image  wpsp-image-center \">\n\t\t\t<a href=\"https:\/\/www.apadahcas.org\/index.php\/2026\/01\/26\/primera-escuela-de-familias-del-ano-aprender-a-acompanar-el-manejo-del-dinero-sin-miedo\/\"  title=\"Primera Escuela de Familias del a\u00f1o: aprender a acompa\u00f1ar el manejo del dinero sin miedo\"><img loading=\"lazy\" decoding=\"async\" width=\"1080\" height=\"1080\" src=\"https:\/\/www.apadahcas.org\/wp-content\/uploads\/2026\/01\/APADAHCAS-FORMATO-POST-SUBIR.png\" class=\"attachment-full size-full wp-post-image\" alt=\"\" itemprop=\"image\" srcset=\"https:\/\/www.apadahcas.org\/wp-content\/uploads\/2026\/01\/APADAHCAS-FORMATO-POST-SUBIR.png 1080w, https:\/\/www.apadahcas.org\/wp-content\/uploads\/2026\/01\/APADAHCAS-FORMATO-POST-SUBIR-300x300.png 300w, https:\/\/www.apadahcas.org\/wp-content\/uploads\/2026\/01\/APADAHCAS-FORMATO-POST-SUBIR-1024x1024.png 1024w, https:\/\/www.apadahcas.org\/wp-content\/uploads\/2026\/01\/APADAHCAS-FORMATO-POST-SUBIR-150x150.png 150w, https:\/\/www.apadahcas.org\/wp-content\/uploads\/2026\/01\/APADAHCAS-FORMATO-POST-SUBIR-768x768.png 768w\" sizes=\"auto, (max-width: 1080px) 100vw, 1080px\" \/><\/a>\t\t<\/div>\n\t\t\t\t\t\t\t\t<div class=\"wp-show-posts-entry-summary\" itemprop=\"text\">\n\t\t\t\t\t\t\t<p>El pasado s\u00e1bado celebramos la primera Escuela de Familias de este a\u00f1o, un espacio de encuentro pensado para acompa\u00f1ar, informar y ofrecer herramientas pr\u00e1cticas a las familias en los retos&#8230;<\/p>\n\t\t\t\t\t\t<\/div><!-- .entry-summary -->\n\t\t\t\t\t<div class=\"wpsp-read-more\"><a title=\"Primera Escuela de Familias del a\u00f1o: aprender a acompa\u00f1ar el manejo del dinero sin miedo\" class=\"wp-show-posts-read-more\" href=\"https:\/\/www.apadahcas.org\/index.php\/2026\/01\/26\/primera-escuela-de-familias-del-ano-aprender-a-acompanar-el-manejo-del-dinero-sin-miedo\/\">Leer m\u00e1s<\/a><\/div><\/div><!-- wp-show-posts-inner --><\/article><article class=\" wp-show-posts-single post-1785 post type-post status-publish format-standard has-post-thumbnail hentry category-actividades category-apadahcas category-escuela-familia category-noticias wpsp-col-6\" itemtype=\"http:\/\/schema.org\/CreativeWork\" itemscope><div class=\"wp-show-posts-inner\" style=\"\">\t\t\t\t\t\t<header class=\"wp-show-posts-entry-header\">\n\t\t\t\t\t\t\t<h2 class=\"wp-show-posts-entry-title\" itemprop=\"headline\"><a href=\"https:\/\/www.apadahcas.org\/index.php\/2026\/01\/19\/escuelas-de-familias-24-enero-2026\/\" rel=\"bookmark\">ESCUELAS DE FAMILIAS &#8211; 24 ENERO 2026<\/a><\/h2><div class=\"wp-show-posts-entry-meta wp-show-posts-entry-meta-below-title post-meta-inline\"><span class=\"wp-show-posts-posted-on wp-show-posts-meta\">\n\t\t\t\t\t<a href=\"https:\/\/www.apadahcas.org\/index.php\/2026\/01\/19\/escuelas-de-familias-24-enero-2026\/\" title=\"9:14 am\" rel=\"bookmark\"><time class=\"wp-show-posts-entry-date published\" datetime=\"2026-01-19T09:14:00+01:00\" itemprop=\"datePublished\">19\/01\/2026<\/time><time class=\"wp-show-posts-updated\" datetime=\"2026-01-19T09:14:25+01:00\" itemprop=\"dateModified\">19\/01\/2026<\/time><\/a>\n\t\t\t\t<\/span><\/div>\t\t\t\t\t\t<\/header><!-- .entry-header -->\n\t\t\t\t\t\t\t<div class=\"wp-show-posts-image  wpsp-image-center \">\n\t\t\t<a href=\"https:\/\/www.apadahcas.org\/index.php\/2026\/01\/19\/escuelas-de-familias-24-enero-2026\/\"  title=\"ESCUELAS DE FAMILIAS &#8211; 24 ENERO 2026\"><img loading=\"lazy\" decoding=\"async\" width=\"1080\" height=\"1350\" src=\"https:\/\/www.apadahcas.org\/wp-content\/uploads\/2026\/01\/EF-ENERO.png\" class=\"attachment-full size-full wp-post-image\" alt=\"\" itemprop=\"image\" srcset=\"https:\/\/www.apadahcas.org\/wp-content\/uploads\/2026\/01\/EF-ENERO.png 1080w, https:\/\/www.apadahcas.org\/wp-content\/uploads\/2026\/01\/EF-ENERO-240x300.png 240w, https:\/\/www.apadahcas.org\/wp-content\/uploads\/2026\/01\/EF-ENERO-819x1024.png 819w, https:\/\/www.apadahcas.org\/wp-content\/uploads\/2026\/01\/EF-ENERO-768x960.png 768w\" sizes=\"auto, (max-width: 1080px) 100vw, 1080px\" \/><\/a>\t\t<\/div>\n\t\t\t\t\t\t\t\t<div class=\"wp-show-posts-entry-summary\" itemprop=\"text\">\n\t\t\t\t\t\t\t<p>Estimados\/as socios\/as: Nos complace invitaros a participar en una nueva edici\u00f3n de nuestra Escuela de Familias, organizada por APADAHCAS. En esta ocasi\u00f3n, abordaremos el tema \u00abECONOM\u00cdA PARA LA PERSONA CON&#8230;<\/p>\n\t\t\t\t\t\t<\/div><!-- .entry-summary -->\n\t\t\t\t\t<div class=\"wpsp-read-more\"><a title=\"ESCUELAS DE FAMILIAS &#8211; 24 ENERO 2026\" class=\"wp-show-posts-read-more\" href=\"https:\/\/www.apadahcas.org\/index.php\/2026\/01\/19\/escuelas-de-familias-24-enero-2026\/\">Leer m\u00e1s<\/a><\/div><\/div><!-- wp-show-posts-inner --><\/article><article class=\" wp-show-posts-single post-1771 post type-post status-publish format-standard has-post-thumbnail hentry category-actividades category-apadahcas category-noticias category-otras-actividades wpsp-col-6\" itemtype=\"http:\/\/schema.org\/CreativeWork\" itemscope><div class=\"wp-show-posts-inner\" style=\"\">\t\t\t\t\t\t<header class=\"wp-show-posts-entry-header\">\n\t\t\t\t\t\t\t<h2 class=\"wp-show-posts-entry-title\" itemprop=\"headline\"><a href=\"https:\/\/www.apadahcas.org\/index.php\/2025\/12\/23\/celebramos-a-los-ganadores-del-concurso-de-postales-de-apadahcas\/\" rel=\"bookmark\">\u00a1Celebramos a los ganadores del Concurso de Postales de APADAHCAS!<\/a><\/h2><div class=\"wp-show-posts-entry-meta wp-show-posts-entry-meta-below-title post-meta-inline\"><span class=\"wp-show-posts-posted-on wp-show-posts-meta\">\n\t\t\t\t\t<a href=\"https:\/\/www.apadahcas.org\/index.php\/2025\/12\/23\/celebramos-a-los-ganadores-del-concurso-de-postales-de-apadahcas\/\" title=\"4:00 pm\" rel=\"bookmark\"><time class=\"wp-show-posts-entry-date published\" datetime=\"2025-12-23T16:00:51+01:00\" itemprop=\"datePublished\">23\/12\/2025<\/time><\/a>\n\t\t\t\t<\/span><\/div>\t\t\t\t\t\t<\/header><!-- .entry-header -->\n\t\t\t\t\t\t\t<div class=\"wp-show-posts-image  wpsp-image-center \">\n\t\t\t<a href=\"https:\/\/www.apadahcas.org\/index.php\/2025\/12\/23\/celebramos-a-los-ganadores-del-concurso-de-postales-de-apadahcas\/\"  title=\"\u00a1Celebramos a los ganadores del Concurso de Postales de APADAHCAS!\"><img loading=\"lazy\" decoding=\"async\" width=\"1080\" height=\"1080\" src=\"https:\/\/www.apadahcas.org\/wp-content\/uploads\/2025\/12\/APADAHCAS-FORMATO-POST-SUBIR.png\" class=\"attachment-full size-full wp-post-image\" alt=\"\" itemprop=\"image\" srcset=\"https:\/\/www.apadahcas.org\/wp-content\/uploads\/2025\/12\/APADAHCAS-FORMATO-POST-SUBIR.png 1080w, https:\/\/www.apadahcas.org\/wp-content\/uploads\/2025\/12\/APADAHCAS-FORMATO-POST-SUBIR-300x300.png 300w, https:\/\/www.apadahcas.org\/wp-content\/uploads\/2025\/12\/APADAHCAS-FORMATO-POST-SUBIR-1024x1024.png 1024w, https:\/\/www.apadahcas.org\/wp-content\/uploads\/2025\/12\/APADAHCAS-FORMATO-POST-SUBIR-150x150.png 150w, https:\/\/www.apadahcas.org\/wp-content\/uploads\/2025\/12\/APADAHCAS-FORMATO-POST-SUBIR-768x768.png 768w\" sizes=\"auto, (max-width: 1080px) 100vw, 1080px\" \/><\/a>\t\t<\/div>\n\t\t\t\t\t\t\t\t<div class=\"wp-show-posts-entry-summary\" itemprop=\"text\">\n\t\t\t\t\t\t\t<p>El pasado 13 de diciembre, APADAHCAS tuvo el placer de entregar los premios a los ganadores de nuestro Concurso de Postales, una iniciativa que nos permiti\u00f3 disfrutar de la creatividad&#8230;<\/p>\n\t\t\t\t\t\t<\/div><!-- .entry-summary -->\n\t\t\t\t\t<div class=\"wpsp-read-more\"><a title=\"\u00a1Celebramos a los ganadores del Concurso de Postales de APADAHCAS!\" class=\"wp-show-posts-read-more\" href=\"https:\/\/www.apadahcas.org\/index.php\/2025\/12\/23\/celebramos-a-los-ganadores-del-concurso-de-postales-de-apadahcas\/\">Leer m\u00e1s<\/a><\/div><\/div><!-- wp-show-posts-inner --><\/article><article class=\" wp-show-posts-single post-1765 post type-post status-publish format-standard has-post-thumbnail hentry category-apadahcas category-asociacion category-noticias wpsp-col-6\" itemtype=\"http:\/\/schema.org\/CreativeWork\" itemscope><div class=\"wp-show-posts-inner\" style=\"\">\t\t\t\t\t\t<header class=\"wp-show-posts-entry-header\">\n\t\t\t\t\t\t\t<h2 class=\"wp-show-posts-entry-title\" itemprop=\"headline\"><a href=\"https:\/\/www.apadahcas.org\/index.php\/2025\/12\/22\/felices-fiestas-desde-apadahcas\/\" rel=\"bookmark\">\ud83c\udf84 Felices Fiestas desde Apadahcas<\/a><\/h2><div class=\"wp-show-posts-entry-meta wp-show-posts-entry-meta-below-title post-meta-inline\"><span class=\"wp-show-posts-posted-on wp-show-posts-meta\">\n\t\t\t\t\t<a href=\"https:\/\/www.apadahcas.org\/index.php\/2025\/12\/22\/felices-fiestas-desde-apadahcas\/\" title=\"10:12 am\" rel=\"bookmark\"><time class=\"wp-show-posts-entry-date published\" datetime=\"2025-12-22T10:12:23+01:00\" itemprop=\"datePublished\">22\/12\/2025<\/time><\/a>\n\t\t\t\t<\/span><\/div>\t\t\t\t\t\t<\/header><!-- .entry-header -->\n\t\t\t\t\t\t\t<div class=\"wp-show-posts-image  wpsp-image-center \">\n\t\t\t<a href=\"https:\/\/www.apadahcas.org\/index.php\/2025\/12\/22\/felices-fiestas-desde-apadahcas\/\"  title=\"\ud83c\udf84 Felices Fiestas desde Apadahcas\"><img loading=\"lazy\" decoding=\"async\" width=\"1080\" height=\"1080\" src=\"https:\/\/www.apadahcas.org\/wp-content\/uploads\/2025\/12\/Tarjeta-Vertical-Felicitacion-Invitacion-Fiesta-Navidena-Christmas-Verde-Portada-de-reel-de-Instagram.png\" class=\"attachment-full size-full wp-post-image\" alt=\"\" itemprop=\"image\" srcset=\"https:\/\/www.apadahcas.org\/wp-content\/uploads\/2025\/12\/Tarjeta-Vertical-Felicitacion-Invitacion-Fiesta-Navidena-Christmas-Verde-Portada-de-reel-de-Instagram.png 1080w, https:\/\/www.apadahcas.org\/wp-content\/uploads\/2025\/12\/Tarjeta-Vertical-Felicitacion-Invitacion-Fiesta-Navidena-Christmas-Verde-Portada-de-reel-de-Instagram-300x300.png 300w, https:\/\/www.apadahcas.org\/wp-content\/uploads\/2025\/12\/Tarjeta-Vertical-Felicitacion-Invitacion-Fiesta-Navidena-Christmas-Verde-Portada-de-reel-de-Instagram-1024x1024.png 1024w, https:\/\/www.apadahcas.org\/wp-content\/uploads\/2025\/12\/Tarjeta-Vertical-Felicitacion-Invitacion-Fiesta-Navidena-Christmas-Verde-Portada-de-reel-de-Instagram-150x150.png 150w, https:\/\/www.apadahcas.org\/wp-content\/uploads\/2025\/12\/Tarjeta-Vertical-Felicitacion-Invitacion-Fiesta-Navidena-Christmas-Verde-Portada-de-reel-de-Instagram-768x768.png 768w\" sizes=\"auto, (max-width: 1080px) 100vw, 1080px\" \/><\/a>\t\t<\/div>\n\t\t\t\t\t\t\t\t<div class=\"wp-show-posts-entry-summary\" itemprop=\"text\">\n\t\t\t\t\t\t\t<p>La Navidad es un momento para parar, mirar atr\u00e1s y agradecer todo lo compartido durante el a\u00f1o. Desde Apadahcas queremos dar las gracias a todas las personas, entidades y comunidades&#8230;<\/p>\n\t\t\t\t\t\t<\/div><!-- .entry-summary -->\n\t\t\t\t\t<div class=\"wpsp-read-more\"><a title=\"\ud83c\udf84 Felices Fiestas desde Apadahcas\" class=\"wp-show-posts-read-more\" href=\"https:\/\/www.apadahcas.org\/index.php\/2025\/12\/22\/felices-fiestas-desde-apadahcas\/\">Leer m\u00e1s<\/a><\/div><\/div><!-- wp-show-posts-inner --><\/article><article class=\" wp-show-posts-single post-1761 post type-post status-publish format-standard has-post-thumbnail hentry category-actividades category-apadahcas category-educacion category-escuela-familia category-noticias wpsp-col-6\" itemtype=\"http:\/\/schema.org\/CreativeWork\" itemscope><div class=\"wp-show-posts-inner\" style=\"\">\t\t\t\t\t\t<header class=\"wp-show-posts-entry-header\">\n\t\t\t\t\t\t\t<h2 class=\"wp-show-posts-entry-title\" itemprop=\"headline\"><a href=\"https:\/\/www.apadahcas.org\/index.php\/2025\/12\/15\/ultima-escuela-de-familias-2025-comprender-el-tdah-y-prevenir-conductas-adictivas\/\" rel=\"bookmark\">\u00daltima Escuela de Familias 2025: comprender el TDAH y prevenir conductas adictivas<\/a><\/h2><div class=\"wp-show-posts-entry-meta wp-show-posts-entry-meta-below-title post-meta-inline\"><span class=\"wp-show-posts-posted-on wp-show-posts-meta\">\n\t\t\t\t\t<a href=\"https:\/\/www.apadahcas.org\/index.php\/2025\/12\/15\/ultima-escuela-de-familias-2025-comprender-el-tdah-y-prevenir-conductas-adictivas\/\" title=\"2:12 pm\" rel=\"bookmark\"><time class=\"wp-show-posts-entry-date published\" datetime=\"2025-12-15T14:12:30+01:00\" itemprop=\"datePublished\">15\/12\/2025<\/time><\/a>\n\t\t\t\t<\/span><\/div>\t\t\t\t\t\t<\/header><!-- .entry-header -->\n\t\t\t\t\t\t\t<div class=\"wp-show-posts-image  wpsp-image-center \">\n\t\t\t<a href=\"https:\/\/www.apadahcas.org\/index.php\/2025\/12\/15\/ultima-escuela-de-familias-2025-comprender-el-tdah-y-prevenir-conductas-adictivas\/\"  title=\"\u00daltima Escuela de Familias 2025: comprender el TDAH y prevenir conductas adictivas\"><img loading=\"lazy\" decoding=\"async\" width=\"1080\" height=\"1350\" src=\"https:\/\/www.apadahcas.org\/wp-content\/uploads\/2025\/12\/APADAHCAS-FORMATO-POST-BASICO-1.png\" class=\"attachment-full size-full wp-post-image\" alt=\"\" itemprop=\"image\" srcset=\"https:\/\/www.apadahcas.org\/wp-content\/uploads\/2025\/12\/APADAHCAS-FORMATO-POST-BASICO-1.png 1080w, https:\/\/www.apadahcas.org\/wp-content\/uploads\/2025\/12\/APADAHCAS-FORMATO-POST-BASICO-1-240x300.png 240w, https:\/\/www.apadahcas.org\/wp-content\/uploads\/2025\/12\/APADAHCAS-FORMATO-POST-BASICO-1-819x1024.png 819w, https:\/\/www.apadahcas.org\/wp-content\/uploads\/2025\/12\/APADAHCAS-FORMATO-POST-BASICO-1-768x960.png 768w\" sizes=\"auto, (max-width: 1080px) 100vw, 1080px\" \/><\/a>\t\t<\/div>\n\t\t\t\t\t\t\t\t<div class=\"wp-show-posts-entry-summary\" itemprop=\"text\">\n\t\t\t\t\t\t\t<p>El pasado 13 de diciembre celebramos las \u00faltimas Escuelas de Familia de este a\u00f1o 2025, un espacio pensado para acompa\u00f1ar, informar y fortalecer a las familias en los retos que&#8230;<\/p>\n\t\t\t\t\t\t<\/div><!-- .entry-summary -->\n\t\t\t\t\t<div class=\"wpsp-read-more\"><a title=\"\u00daltima Escuela de Familias 2025: comprender el TDAH y prevenir conductas adictivas\" class=\"wp-show-posts-read-more\" href=\"https:\/\/www.apadahcas.org\/index.php\/2025\/12\/15\/ultima-escuela-de-familias-2025-comprender-el-tdah-y-prevenir-conductas-adictivas\/\">Leer m\u00e1s<\/a><\/div><\/div><!-- wp-show-posts-inner --><\/article><article class=\" wp-show-posts-single post-1758 post type-post status-publish format-standard hentry category-apadahcas category-educacion category-noticias wpsp-col-6\" itemtype=\"http:\/\/schema.org\/CreativeWork\" itemscope><div class=\"wp-show-posts-inner\" style=\"\">\t\t\t\t\t\t<header class=\"wp-show-posts-entry-header\">\n\t\t\t\t\t\t\t<h2 class=\"wp-show-posts-entry-title\" itemprop=\"headline\"><a href=\"https:\/\/www.apadahcas.org\/index.php\/2025\/12\/15\/como-afecta-el-tdah-a-una-carrera-artistica-noticia-de-vanitatis\/\" rel=\"bookmark\">C\u00f3mo afecta el TDAH a una carrera art\u00edstica &#8211; Noticia de Vanitatis<\/a><\/h2><div class=\"wp-show-posts-entry-meta wp-show-posts-entry-meta-below-title post-meta-inline\"><span class=\"wp-show-posts-posted-on wp-show-posts-meta\">\n\t\t\t\t\t<a href=\"https:\/\/www.apadahcas.org\/index.php\/2025\/12\/15\/como-afecta-el-tdah-a-una-carrera-artistica-noticia-de-vanitatis\/\" title=\"10:45 am\" rel=\"bookmark\"><time class=\"wp-show-posts-entry-date published\" datetime=\"2025-12-15T10:45:53+01:00\" itemprop=\"datePublished\">15\/12\/2025<\/time><time class=\"wp-show-posts-updated\" datetime=\"2025-12-15T10:49:42+01:00\" itemprop=\"dateModified\">15\/12\/2025<\/time><\/a>\n\t\t\t\t<\/span><\/div>\t\t\t\t\t\t<\/header><!-- .entry-header -->\n\t\t\t\t\t\t\t\t\t\t\t<div class=\"wp-show-posts-entry-summary\" itemprop=\"text\">\n\t\t\t\t\t\t\t<p>Aqu\u00ed os dejamos un noticia interesante: Una mente que va a mil pensamientos brillantes por segundo. Esa puede ser la definici\u00f3n de\u00a0Rosal\u00eda, la artista del momento \u2014e incluso de la&#8230;<\/p>\n\t\t\t\t\t\t<\/div><!-- .entry-summary -->\n\t\t\t\t\t<div class=\"wpsp-read-more\"><a title=\"C\u00f3mo afecta el TDAH a una carrera art\u00edstica &#8211; Noticia de Vanitatis\" class=\"wp-show-posts-read-more\" href=\"https:\/\/www.apadahcas.org\/index.php\/2025\/12\/15\/como-afecta-el-tdah-a-una-carrera-artistica-noticia-de-vanitatis\/\">Leer m\u00e1s<\/a><\/div><\/div><!-- wp-show-posts-inner --><\/article><article class=\" wp-show-posts-single post-1753 post type-post status-publish format-standard has-post-thumbnail hentry category-apadahcas category-asociacion category-noticias wpsp-col-6\" itemtype=\"http:\/\/schema.org\/CreativeWork\" itemscope><div class=\"wp-show-posts-inner\" style=\"\">\t\t\t\t\t\t<header class=\"wp-show-posts-entry-header\">\n\t\t\t\t\t\t\t<h2 class=\"wp-show-posts-entry-title\" itemprop=\"headline\"><a href=\"https:\/\/www.apadahcas.org\/index.php\/2025\/12\/11\/apadahcas-recibe-una-subvencion-de-1178155e-de-la-diputacion-de-castellon\/\" rel=\"bookmark\">APADAHCAS recibe una subvenci\u00f3n de 11781,55\u20ac de la Diputaci\u00f3n de Castell\u00f3n<\/a><\/h2><div class=\"wp-show-posts-entry-meta wp-show-posts-entry-meta-below-title post-meta-inline\"><span class=\"wp-show-posts-posted-on wp-show-posts-meta\">\n\t\t\t\t\t<a href=\"https:\/\/www.apadahcas.org\/index.php\/2025\/12\/11\/apadahcas-recibe-una-subvencion-de-1178155e-de-la-diputacion-de-castellon\/\" title=\"10:46 am\" rel=\"bookmark\"><time class=\"wp-show-posts-entry-date published\" datetime=\"2025-12-11T10:46:53+01:00\" itemprop=\"datePublished\">11\/12\/2025<\/time><\/a>\n\t\t\t\t<\/span><\/div>\t\t\t\t\t\t<\/header><!-- .entry-header -->\n\t\t\t\t\t\t\t<div class=\"wp-show-posts-image  wpsp-image-center \">\n\t\t\t<a href=\"https:\/\/www.apadahcas.org\/index.php\/2025\/12\/11\/apadahcas-recibe-una-subvencion-de-1178155e-de-la-diputacion-de-castellon\/\"  title=\"APADAHCAS recibe una subvenci\u00f3n de 11781,55\u20ac de la Diputaci\u00f3n de Castell\u00f3n\"><img loading=\"lazy\" decoding=\"async\" width=\"1080\" height=\"1350\" src=\"https:\/\/www.apadahcas.org\/wp-content\/uploads\/2025\/12\/SUBVENCION-DIPUTACION.png\" class=\"attachment-full size-full wp-post-image\" alt=\"\" itemprop=\"image\" srcset=\"https:\/\/www.apadahcas.org\/wp-content\/uploads\/2025\/12\/SUBVENCION-DIPUTACION.png 1080w, https:\/\/www.apadahcas.org\/wp-content\/uploads\/2025\/12\/SUBVENCION-DIPUTACION-240x300.png 240w, https:\/\/www.apadahcas.org\/wp-content\/uploads\/2025\/12\/SUBVENCION-DIPUTACION-819x1024.png 819w, https:\/\/www.apadahcas.org\/wp-content\/uploads\/2025\/12\/SUBVENCION-DIPUTACION-768x960.png 768w\" sizes=\"auto, (max-width: 1080px) 100vw, 1080px\" \/><\/a>\t\t<\/div>\n\t\t\t\t\t\t\t\t<div class=\"wp-show-posts-entry-summary\" itemprop=\"text\">\n\t\t\t\t\t\t\t<p>Desde\u00a0APADAHCAS\u00a0queremos compartir con todas las familias, profesionales y personas que forman parte de nuestra comunidad una gran noticia: hemos recibido una\u00a0aportaci\u00f3n de 11781,55\u20ac\u00a0gracias a la subvenci\u00f3n de la Diputaci\u00f3n de&#8230;<\/p>\n\t\t\t\t\t\t<\/div><!-- .entry-summary -->\n\t\t\t\t\t<div class=\"wpsp-read-more\"><a title=\"APADAHCAS recibe una subvenci\u00f3n de 11781,55\u20ac de la Diputaci\u00f3n de Castell\u00f3n\" class=\"wp-show-posts-read-more\" href=\"https:\/\/www.apadahcas.org\/index.php\/2025\/12\/11\/apadahcas-recibe-una-subvencion-de-1178155e-de-la-diputacion-de-castellon\/\">Leer m\u00e1s<\/a><\/div><\/div><!-- wp-show-posts-inner --><\/article><article class=\" wp-show-posts-single post-1748 post type-post status-publish format-standard has-post-thumbnail hentry category-actividades category-apadahcas category-escuela-familia category-eventos category-formacion category-noticias category-otras-actividades wpsp-col-6\" itemtype=\"http:\/\/schema.org\/CreativeWork\" itemscope><div class=\"wp-show-posts-inner\" style=\"\">\t\t\t\t\t\t<header class=\"wp-show-posts-entry-header\">\n\t\t\t\t\t\t\t<h2 class=\"wp-show-posts-entry-title\" itemprop=\"headline\"><a href=\"https:\/\/www.apadahcas.org\/index.php\/2025\/12\/04\/escuelas-de-familias-13-de-diciembre\/\" rel=\"bookmark\">ESCUELAS DE FAMILIAS &#8211; 13 DE DICIEMBRE<\/a><\/h2><div class=\"wp-show-posts-entry-meta wp-show-posts-entry-meta-below-title post-meta-inline\"><span class=\"wp-show-posts-posted-on wp-show-posts-meta\">\n\t\t\t\t\t<a href=\"https:\/\/www.apadahcas.org\/index.php\/2025\/12\/04\/escuelas-de-familias-13-de-diciembre\/\" title=\"1:15 pm\" rel=\"bookmark\"><time class=\"wp-show-posts-entry-date published\" datetime=\"2025-12-04T13:15:51+01:00\" itemprop=\"datePublished\">04\/12\/2025<\/time><\/a>\n\t\t\t\t<\/span><\/div>\t\t\t\t\t\t<\/header><!-- .entry-header -->\n\t\t\t\t\t\t\t<div class=\"wp-show-posts-image  wpsp-image-center \">\n\t\t\t<a href=\"https:\/\/www.apadahcas.org\/index.php\/2025\/12\/04\/escuelas-de-familias-13-de-diciembre\/\"  title=\"ESCUELAS DE FAMILIAS &#8211; 13 DE DICIEMBRE\"><img loading=\"lazy\" decoding=\"async\" width=\"1080\" height=\"1350\" src=\"https:\/\/www.apadahcas.org\/wp-content\/uploads\/2025\/12\/EF-DICIEMBRE.png\" class=\"attachment-full size-full wp-post-image\" alt=\"\" itemprop=\"image\" srcset=\"https:\/\/www.apadahcas.org\/wp-content\/uploads\/2025\/12\/EF-DICIEMBRE.png 1080w, https:\/\/www.apadahcas.org\/wp-content\/uploads\/2025\/12\/EF-DICIEMBRE-240x300.png 240w, https:\/\/www.apadahcas.org\/wp-content\/uploads\/2025\/12\/EF-DICIEMBRE-819x1024.png 819w, https:\/\/www.apadahcas.org\/wp-content\/uploads\/2025\/12\/EF-DICIEMBRE-768x960.png 768w\" sizes=\"auto, (max-width: 1080px) 100vw, 1080px\" \/><\/a>\t\t<\/div>\n\t\t\t\t\t\t\t\t<div class=\"wp-show-posts-entry-summary\" itemprop=\"text\">\n\t\t\t\t\t\t\t<p>Estimados\/as socios\/as: Nos complace invitaros a participar en una nueva edici\u00f3n de nuestra Escuela de Familias, organizada por APADAHCAS. En esta ocasi\u00f3n, abordaremos el tema \u00abADICCIONES\u00bb, una charla que ser\u00e1&#8230;<\/p>\n\t\t\t\t\t\t<\/div><!-- .entry-summary -->\n\t\t\t\t\t<div class=\"wpsp-read-more\"><a title=\"ESCUELAS DE FAMILIAS &#8211; 13 DE DICIEMBRE\" class=\"wp-show-posts-read-more\" href=\"https:\/\/www.apadahcas.org\/index.php\/2025\/12\/04\/escuelas-de-familias-13-de-diciembre\/\">Leer m\u00e1s<\/a><\/div><\/div><!-- wp-show-posts-inner --><\/article><article class=\" wp-show-posts-single post-1741 post type-post status-publish format-standard has-post-thumbnail hentry category-apadahcas category-asociacion category-colaboradores category-educacion category-guia-materiales category-noticias category-otras-actividades wpsp-col-6\" itemtype=\"http:\/\/schema.org\/CreativeWork\" itemscope><div class=\"wp-show-posts-inner\" style=\"\">\t\t\t\t\t\t<header class=\"wp-show-posts-entry-header\">\n\t\t\t\t\t\t\t<h2 class=\"wp-show-posts-entry-title\" itemprop=\"headline\"><a href=\"https:\/\/www.apadahcas.org\/index.php\/2025\/11\/26\/apadahcas-colabora-en-el-nuevo-libro-de-maria-pareja-sobre-tdah-en-ninas\/\" rel=\"bookmark\">APADAHCAS colabora en el nuevo libro de Mar\u00eda Pareja sobre TDAH en ni\u00f1as<\/a><\/h2><div class=\"wp-show-posts-entry-meta wp-show-posts-entry-meta-below-title post-meta-inline\"><span class=\"wp-show-posts-posted-on wp-show-posts-meta\">\n\t\t\t\t\t<a href=\"https:\/\/www.apadahcas.org\/index.php\/2025\/11\/26\/apadahcas-colabora-en-el-nuevo-libro-de-maria-pareja-sobre-tdah-en-ninas\/\" title=\"12:27 pm\" rel=\"bookmark\"><time class=\"wp-show-posts-entry-date published\" datetime=\"2025-11-26T12:27:43+01:00\" itemprop=\"datePublished\">26\/11\/2025<\/time><\/a>\n\t\t\t\t<\/span><\/div>\t\t\t\t\t\t<\/header><!-- .entry-header -->\n\t\t\t\t\t\t\t<div class=\"wp-show-posts-image  wpsp-image-center \">\n\t\t\t<a href=\"https:\/\/www.apadahcas.org\/index.php\/2025\/11\/26\/apadahcas-colabora-en-el-nuevo-libro-de-maria-pareja-sobre-tdah-en-ninas\/\"  title=\"APADAHCAS colabora en el nuevo libro de Mar\u00eda Pareja sobre TDAH en ni\u00f1as\"><img loading=\"lazy\" decoding=\"async\" width=\"1080\" height=\"1350\" src=\"https:\/\/www.apadahcas.org\/wp-content\/uploads\/2025\/11\/APADAHCAS-FORMATO-POST-BASICO-1.png\" class=\"attachment-full size-full wp-post-image\" alt=\"\" itemprop=\"image\" srcset=\"https:\/\/www.apadahcas.org\/wp-content\/uploads\/2025\/11\/APADAHCAS-FORMATO-POST-BASICO-1.png 1080w, https:\/\/www.apadahcas.org\/wp-content\/uploads\/2025\/11\/APADAHCAS-FORMATO-POST-BASICO-1-240x300.png 240w, https:\/\/www.apadahcas.org\/wp-content\/uploads\/2025\/11\/APADAHCAS-FORMATO-POST-BASICO-1-819x1024.png 819w, https:\/\/www.apadahcas.org\/wp-content\/uploads\/2025\/11\/APADAHCAS-FORMATO-POST-BASICO-1-768x960.png 768w\" sizes=\"auto, (max-width: 1080px) 100vw, 1080px\" \/><\/a>\t\t<\/div>\n\t\t\t\t\t\t\t\t<div class=\"wp-show-posts-entry-summary\" itemprop=\"text\">\n\t\t\t\t\t\t\t<p>La escritora Mar\u00eda Pareja present\u00f3 en Castell\u00f3n su \u00faltima obra, TDAH: Tenaz, Decidida, Apasionada y Humana, un libro que narra la vida de una ni\u00f1a con TDAH desde una perspectiva&#8230;<\/p>\n\t\t\t\t\t\t<\/div><!-- .entry-summary -->\n\t\t\t\t\t<div class=\"wpsp-read-more\"><a title=\"APADAHCAS colabora en el nuevo libro de Mar\u00eda Pareja sobre TDAH en ni\u00f1as\" class=\"wp-show-posts-read-more\" href=\"https:\/\/www.apadahcas.org\/index.php\/2025\/11\/26\/apadahcas-colabora-en-el-nuevo-libro-de-maria-pareja-sobre-tdah-en-ninas\/\">Leer m\u00e1s<\/a><\/div><\/div><!-- wp-show-posts-inner --><\/article><article class=\" wp-show-posts-single post-1735 post type-post status-publish format-standard has-post-thumbnail hentry category-actividades category-apadahcas category-eventos category-noticias category-otras-actividades category-sanidad wpsp-col-6\" itemtype=\"http:\/\/schema.org\/CreativeWork\" itemscope><div class=\"wp-show-posts-inner\" style=\"\">\t\t\t\t\t\t<header class=\"wp-show-posts-entry-header\">\n\t\t\t\t\t\t\t<h2 class=\"wp-show-posts-entry-title\" itemprop=\"headline\"><a href=\"https:\/\/www.apadahcas.org\/index.php\/2025\/11\/24\/asi-vivimos-la-jornada-de-los-derechos-de-la-infancia-y-adolescencia-2025\/\" rel=\"bookmark\">As\u00ed vivimos la Jornada de los Derechos de la Infancia y Adolescencia 2025<\/a><\/h2><div class=\"wp-show-posts-entry-meta wp-show-posts-entry-meta-below-title post-meta-inline\"><span class=\"wp-show-posts-posted-on wp-show-posts-meta\">\n\t\t\t\t\t<a href=\"https:\/\/www.apadahcas.org\/index.php\/2025\/11\/24\/asi-vivimos-la-jornada-de-los-derechos-de-la-infancia-y-adolescencia-2025\/\" title=\"2:10 pm\" rel=\"bookmark\"><time class=\"wp-show-posts-entry-date published\" datetime=\"2025-11-24T14:10:30+01:00\" itemprop=\"datePublished\">24\/11\/2025<\/time><\/a>\n\t\t\t\t<\/span><\/div>\t\t\t\t\t\t<\/header><!-- .entry-header -->\n\t\t\t\t\t\t\t<div class=\"wp-show-posts-image  wpsp-image-center \">\n\t\t\t<a href=\"https:\/\/www.apadahcas.org\/index.php\/2025\/11\/24\/asi-vivimos-la-jornada-de-los-derechos-de-la-infancia-y-adolescencia-2025\/\"  title=\"As\u00ed vivimos la Jornada de los Derechos de la Infancia y Adolescencia 2025\"><img loading=\"lazy\" decoding=\"async\" width=\"1080\" height=\"1350\" src=\"https:\/\/www.apadahcas.org\/wp-content\/uploads\/2025\/11\/12.png\" class=\"attachment-full size-full wp-post-image\" alt=\"\" itemprop=\"image\" srcset=\"https:\/\/www.apadahcas.org\/wp-content\/uploads\/2025\/11\/12.png 1080w, https:\/\/www.apadahcas.org\/wp-content\/uploads\/2025\/11\/12-240x300.png 240w, https:\/\/www.apadahcas.org\/wp-content\/uploads\/2025\/11\/12-819x1024.png 819w, https:\/\/www.apadahcas.org\/wp-content\/uploads\/2025\/11\/12-768x960.png 768w\" sizes=\"auto, (max-width: 1080px) 100vw, 1080px\" \/><\/a>\t\t<\/div>\n\t\t\t\t\t\t\t\t<div class=\"wp-show-posts-entry-summary\" itemprop=\"text\">\n\t\t\t\t\t\t\t<p>El pasado s\u00e1bado participamos en la Jornada de los Derechos de la Infancia y Adolescencia, celebrada en el Parque Ribalta (Castell\u00f3). Fue una ma\u00f1ana repleta de actividades, actuaciones y espacios&#8230;<\/p>\n\t\t\t\t\t\t<\/div><!-- .entry-summary -->\n\t\t\t\t\t<div class=\"wpsp-read-more\"><a title=\"As\u00ed vivimos la Jornada de los Derechos de la Infancia y Adolescencia 2025\" class=\"wp-show-posts-read-more\" href=\"https:\/\/www.apadahcas.org\/index.php\/2025\/11\/24\/asi-vivimos-la-jornada-de-los-derechos-de-la-infancia-y-adolescencia-2025\/\">Leer m\u00e1s<\/a><\/div><\/div><!-- wp-show-posts-inner --><\/article><div class=\"wpsp-clear\"><\/div><\/section><!-- .wp-show-posts --><div class=\"wpsp-load-more\"><span aria-current=\"page\" class=\"page-numbers current\">1<\/span>\n<a class=\"page-numbers\" href=\"https:\/\/www.apadahcas.org\/index.php\/wp-json\/wp\/v2\/pages\/523\/page\/2\/\">2<\/a>\n<span class=\"page-numbers dots\">&hellip;<\/span>\n<a class=\"page-numbers\" href=\"https:\/\/www.apadahcas.org\/index.php\/wp-json\/wp\/v2\/pages\/523\/page\/6\/\">6<\/a>\n<a class=\"next page-numbers\" href=\"https:\/\/www.apadahcas.org\/index.php\/wp-json\/wp\/v2\/pages\/523\/page\/2\/\">Siguiente &rarr;<\/a><\/div>\n","protected":false},"excerpt":{"rendered":"","protected":false},"author":2,"featured_media":0,"parent":0,"menu_order":0,"comment_status":"closed","ping_status":"closed","template":"sidebar-page.php","meta":{"footnotes":""},"class_list":["post-523","page","type-page","status-publish","hentry"],"jetpack_sharing_enabled":true,"_links":{"self":[{"href":"https:\/\/www.apadahcas.org\/index.php\/wp-json\/wp\/v2\/pages\/523","targetHints":{"allow":["GET"]}}],"collection":[{"href":"https:\/\/www.apadahcas.org\/index.php\/wp-json\/wp\/v2\/pages"}],"about":[{"href":"https:\/\/www.apadahcas.org\/index.php\/wp-json\/wp\/v2\/types\/page"}],"author":[{"embeddable":true,"href":"https:\/\/www.apadahcas.org\/index.php\/wp-json\/wp\/v2\/users\/2"}],"replies":[{"embeddable":true,"href":"https:\/\/www.apadahcas.org\/index.php\/wp-json\/wp\/v2\/comments?post=523"}],"version-history":[{"count":3,"href":"https:\/\/www.apadahcas.org\/index.php\/wp-json\/wp\/v2\/pages\/523\/revisions"}],"predecessor-version":[{"id":970,"href":"https:\/\/www.apadahcas.org\/index.php\/wp-json\/wp\/v2\/pages\/523\/revisions\/970"}],"wp:attachment":[{"href":"https:\/\/www.apadahcas.org\/index.php\/wp-json\/wp\/v2\/media?parent=523"}],"curies":[{"name":"wp","href":"https:\/\/api.w.org\/{rel}","templated":true}]}}