{"id":508,"date":"2022-03-07T10:41:08","date_gmt":"2022-03-07T09:41:08","guid":{"rendered":"https:\/\/new.apadahcas.org\/?page_id=508"},"modified":"2022-12-12T19:48:30","modified_gmt":"2022-12-12T18:48:30","slug":"otras-actividades","status":"publish","type":"page","link":"https:\/\/www.apadahcas.org\/index.php\/otras-actividades\/","title":{"rendered":"Otras actividades"},"content":{"rendered":"<style>.wp-show-posts-columns#wpsp-295 {margin-left: -2em; }.wp-show-posts-columns#wpsp-295 .wp-show-posts-inner {margin: 0 0 2em 2em; }<\/style><section id=\"wpsp-295\" class=\" wp-show-posts-columns wp-show-posts\" style=\"\"><article class=\" wp-show-posts-single post-1771 post type-post status-publish format-standard has-post-thumbnail hentry category-actividades category-apadahcas category-noticias category-otras-actividades wpsp-col-6\" itemtype=\"http:\/\/schema.org\/CreativeWork\" itemscope><div class=\"wp-show-posts-inner\" style=\"\">\t\t\t\t\t\t<header class=\"wp-show-posts-entry-header\">\n\t\t\t\t\t\t\t<h2 class=\"wp-show-posts-entry-title\" itemprop=\"headline\"><a href=\"https:\/\/www.apadahcas.org\/index.php\/2025\/12\/23\/celebramos-a-los-ganadores-del-concurso-de-postales-de-apadahcas\/\" rel=\"bookmark\">\u00a1Celebramos a los ganadores del Concurso de Postales de APADAHCAS!<\/a><\/h2><div class=\"wp-show-posts-entry-meta wp-show-posts-entry-meta-below-title post-meta-inline\"><span class=\"wp-show-posts-posted-on wp-show-posts-meta\">\n\t\t\t\t\t<a href=\"https:\/\/www.apadahcas.org\/index.php\/2025\/12\/23\/celebramos-a-los-ganadores-del-concurso-de-postales-de-apadahcas\/\" title=\"4:00 pm\" rel=\"bookmark\"><time class=\"wp-show-posts-entry-date published\" datetime=\"2025-12-23T16:00:51+01:00\" itemprop=\"datePublished\">23\/12\/2025<\/time><\/a>\n\t\t\t\t<\/span><\/div>\t\t\t\t\t\t<\/header><!-- .entry-header -->\n\t\t\t\t\t\t\t<div class=\"wp-show-posts-image  wpsp-image-center \">\n\t\t\t<a href=\"https:\/\/www.apadahcas.org\/index.php\/2025\/12\/23\/celebramos-a-los-ganadores-del-concurso-de-postales-de-apadahcas\/\"  title=\"\u00a1Celebramos a los ganadores del Concurso de Postales de APADAHCAS!\"><img loading=\"lazy\" decoding=\"async\" width=\"1080\" height=\"1080\" src=\"https:\/\/www.apadahcas.org\/wp-content\/uploads\/2025\/12\/APADAHCAS-FORMATO-POST-SUBIR.png\" class=\"attachment-full size-full wp-post-image\" alt=\"\" itemprop=\"image\" srcset=\"https:\/\/www.apadahcas.org\/wp-content\/uploads\/2025\/12\/APADAHCAS-FORMATO-POST-SUBIR.png 1080w, https:\/\/www.apadahcas.org\/wp-content\/uploads\/2025\/12\/APADAHCAS-FORMATO-POST-SUBIR-300x300.png 300w, https:\/\/www.apadahcas.org\/wp-content\/uploads\/2025\/12\/APADAHCAS-FORMATO-POST-SUBIR-1024x1024.png 1024w, https:\/\/www.apadahcas.org\/wp-content\/uploads\/2025\/12\/APADAHCAS-FORMATO-POST-SUBIR-150x150.png 150w, https:\/\/www.apadahcas.org\/wp-content\/uploads\/2025\/12\/APADAHCAS-FORMATO-POST-SUBIR-768x768.png 768w\" sizes=\"auto, (max-width: 1080px) 100vw, 1080px\" \/><\/a>\t\t<\/div>\n\t\t\t\t\t\t\t\t<div class=\"wp-show-posts-entry-summary\" itemprop=\"text\">\n\t\t\t\t\t\t\t<p>El pasado 13 de diciembre, APADAHCAS tuvo el placer de entregar los premios a los ganadores de nuestro Concurso de Postales, una iniciativa que nos permiti\u00f3 disfrutar de la creatividad&#8230;<\/p>\n\t\t\t\t\t\t<\/div><!-- .entry-summary -->\n\t\t\t\t\t<div class=\"wpsp-read-more\"><a title=\"\u00a1Celebramos a los ganadores del Concurso de Postales de APADAHCAS!\" class=\"wp-show-posts-read-more\" href=\"https:\/\/www.apadahcas.org\/index.php\/2025\/12\/23\/celebramos-a-los-ganadores-del-concurso-de-postales-de-apadahcas\/\">Leer m\u00e1s<\/a><\/div><\/div><!-- wp-show-posts-inner --><\/article><article class=\" wp-show-posts-single post-1748 post type-post status-publish format-standard has-post-thumbnail hentry category-actividades category-apadahcas category-escuela-familia category-eventos category-formacion category-noticias category-otras-actividades wpsp-col-6\" itemtype=\"http:\/\/schema.org\/CreativeWork\" itemscope><div class=\"wp-show-posts-inner\" style=\"\">\t\t\t\t\t\t<header class=\"wp-show-posts-entry-header\">\n\t\t\t\t\t\t\t<h2 class=\"wp-show-posts-entry-title\" itemprop=\"headline\"><a href=\"https:\/\/www.apadahcas.org\/index.php\/2025\/12\/04\/escuelas-de-familias-13-de-diciembre\/\" rel=\"bookmark\">ESCUELAS DE FAMILIAS &#8211; 13 DE DICIEMBRE<\/a><\/h2><div class=\"wp-show-posts-entry-meta wp-show-posts-entry-meta-below-title post-meta-inline\"><span class=\"wp-show-posts-posted-on wp-show-posts-meta\">\n\t\t\t\t\t<a href=\"https:\/\/www.apadahcas.org\/index.php\/2025\/12\/04\/escuelas-de-familias-13-de-diciembre\/\" title=\"1:15 pm\" rel=\"bookmark\"><time class=\"wp-show-posts-entry-date published\" datetime=\"2025-12-04T13:15:51+01:00\" itemprop=\"datePublished\">04\/12\/2025<\/time><\/a>\n\t\t\t\t<\/span><\/div>\t\t\t\t\t\t<\/header><!-- .entry-header -->\n\t\t\t\t\t\t\t<div class=\"wp-show-posts-image  wpsp-image-center \">\n\t\t\t<a href=\"https:\/\/www.apadahcas.org\/index.php\/2025\/12\/04\/escuelas-de-familias-13-de-diciembre\/\"  title=\"ESCUELAS DE FAMILIAS &#8211; 13 DE DICIEMBRE\"><img loading=\"lazy\" decoding=\"async\" width=\"1080\" height=\"1350\" src=\"https:\/\/www.apadahcas.org\/wp-content\/uploads\/2025\/12\/EF-DICIEMBRE.png\" class=\"attachment-full size-full wp-post-image\" alt=\"\" itemprop=\"image\" srcset=\"https:\/\/www.apadahcas.org\/wp-content\/uploads\/2025\/12\/EF-DICIEMBRE.png 1080w, https:\/\/www.apadahcas.org\/wp-content\/uploads\/2025\/12\/EF-DICIEMBRE-240x300.png 240w, https:\/\/www.apadahcas.org\/wp-content\/uploads\/2025\/12\/EF-DICIEMBRE-819x1024.png 819w, https:\/\/www.apadahcas.org\/wp-content\/uploads\/2025\/12\/EF-DICIEMBRE-768x960.png 768w\" sizes=\"auto, (max-width: 1080px) 100vw, 1080px\" \/><\/a>\t\t<\/div>\n\t\t\t\t\t\t\t\t<div class=\"wp-show-posts-entry-summary\" itemprop=\"text\">\n\t\t\t\t\t\t\t<p>Estimados\/as socios\/as: Nos complace invitaros a participar en una nueva edici\u00f3n de nuestra Escuela de Familias, organizada por APADAHCAS. En esta ocasi\u00f3n, abordaremos el tema \u00abADICCIONES\u00bb, una charla que ser\u00e1&#8230;<\/p>\n\t\t\t\t\t\t<\/div><!-- .entry-summary -->\n\t\t\t\t\t<div class=\"wpsp-read-more\"><a title=\"ESCUELAS DE FAMILIAS &#8211; 13 DE DICIEMBRE\" class=\"wp-show-posts-read-more\" href=\"https:\/\/www.apadahcas.org\/index.php\/2025\/12\/04\/escuelas-de-familias-13-de-diciembre\/\">Leer m\u00e1s<\/a><\/div><\/div><!-- wp-show-posts-inner --><\/article><article class=\" wp-show-posts-single post-1741 post type-post status-publish format-standard has-post-thumbnail hentry category-apadahcas category-asociacion category-colaboradores category-educacion category-guia-materiales category-noticias category-otras-actividades wpsp-col-6\" itemtype=\"http:\/\/schema.org\/CreativeWork\" itemscope><div class=\"wp-show-posts-inner\" style=\"\">\t\t\t\t\t\t<header class=\"wp-show-posts-entry-header\">\n\t\t\t\t\t\t\t<h2 class=\"wp-show-posts-entry-title\" itemprop=\"headline\"><a href=\"https:\/\/www.apadahcas.org\/index.php\/2025\/11\/26\/apadahcas-colabora-en-el-nuevo-libro-de-maria-pareja-sobre-tdah-en-ninas\/\" rel=\"bookmark\">APADAHCAS colabora en el nuevo libro de Mar\u00eda Pareja sobre TDAH en ni\u00f1as<\/a><\/h2><div class=\"wp-show-posts-entry-meta wp-show-posts-entry-meta-below-title post-meta-inline\"><span class=\"wp-show-posts-posted-on wp-show-posts-meta\">\n\t\t\t\t\t<a href=\"https:\/\/www.apadahcas.org\/index.php\/2025\/11\/26\/apadahcas-colabora-en-el-nuevo-libro-de-maria-pareja-sobre-tdah-en-ninas\/\" title=\"12:27 pm\" rel=\"bookmark\"><time class=\"wp-show-posts-entry-date published\" datetime=\"2025-11-26T12:27:43+01:00\" itemprop=\"datePublished\">26\/11\/2025<\/time><\/a>\n\t\t\t\t<\/span><\/div>\t\t\t\t\t\t<\/header><!-- .entry-header -->\n\t\t\t\t\t\t\t<div class=\"wp-show-posts-image  wpsp-image-center \">\n\t\t\t<a href=\"https:\/\/www.apadahcas.org\/index.php\/2025\/11\/26\/apadahcas-colabora-en-el-nuevo-libro-de-maria-pareja-sobre-tdah-en-ninas\/\"  title=\"APADAHCAS colabora en el nuevo libro de Mar\u00eda Pareja sobre TDAH en ni\u00f1as\"><img loading=\"lazy\" decoding=\"async\" width=\"1080\" height=\"1350\" src=\"https:\/\/www.apadahcas.org\/wp-content\/uploads\/2025\/11\/APADAHCAS-FORMATO-POST-BASICO-1.png\" class=\"attachment-full size-full wp-post-image\" alt=\"\" itemprop=\"image\" srcset=\"https:\/\/www.apadahcas.org\/wp-content\/uploads\/2025\/11\/APADAHCAS-FORMATO-POST-BASICO-1.png 1080w, https:\/\/www.apadahcas.org\/wp-content\/uploads\/2025\/11\/APADAHCAS-FORMATO-POST-BASICO-1-240x300.png 240w, https:\/\/www.apadahcas.org\/wp-content\/uploads\/2025\/11\/APADAHCAS-FORMATO-POST-BASICO-1-819x1024.png 819w, https:\/\/www.apadahcas.org\/wp-content\/uploads\/2025\/11\/APADAHCAS-FORMATO-POST-BASICO-1-768x960.png 768w\" sizes=\"auto, (max-width: 1080px) 100vw, 1080px\" \/><\/a>\t\t<\/div>\n\t\t\t\t\t\t\t\t<div class=\"wp-show-posts-entry-summary\" itemprop=\"text\">\n\t\t\t\t\t\t\t<p>La escritora Mar\u00eda Pareja present\u00f3 en Castell\u00f3n su \u00faltima obra, TDAH: Tenaz, Decidida, Apasionada y Humana, un libro que narra la vida de una ni\u00f1a con TDAH desde una perspectiva&#8230;<\/p>\n\t\t\t\t\t\t<\/div><!-- .entry-summary -->\n\t\t\t\t\t<div class=\"wpsp-read-more\"><a title=\"APADAHCAS colabora en el nuevo libro de Mar\u00eda Pareja sobre TDAH en ni\u00f1as\" class=\"wp-show-posts-read-more\" href=\"https:\/\/www.apadahcas.org\/index.php\/2025\/11\/26\/apadahcas-colabora-en-el-nuevo-libro-de-maria-pareja-sobre-tdah-en-ninas\/\">Leer m\u00e1s<\/a><\/div><\/div><!-- wp-show-posts-inner --><\/article><article class=\" wp-show-posts-single post-1735 post type-post status-publish format-standard has-post-thumbnail hentry category-actividades category-apadahcas category-eventos category-noticias category-otras-actividades category-sanidad wpsp-col-6\" itemtype=\"http:\/\/schema.org\/CreativeWork\" itemscope><div class=\"wp-show-posts-inner\" style=\"\">\t\t\t\t\t\t<header class=\"wp-show-posts-entry-header\">\n\t\t\t\t\t\t\t<h2 class=\"wp-show-posts-entry-title\" itemprop=\"headline\"><a href=\"https:\/\/www.apadahcas.org\/index.php\/2025\/11\/24\/asi-vivimos-la-jornada-de-los-derechos-de-la-infancia-y-adolescencia-2025\/\" rel=\"bookmark\">As\u00ed vivimos la Jornada de los Derechos de la Infancia y Adolescencia 2025<\/a><\/h2><div class=\"wp-show-posts-entry-meta wp-show-posts-entry-meta-below-title post-meta-inline\"><span class=\"wp-show-posts-posted-on wp-show-posts-meta\">\n\t\t\t\t\t<a href=\"https:\/\/www.apadahcas.org\/index.php\/2025\/11\/24\/asi-vivimos-la-jornada-de-los-derechos-de-la-infancia-y-adolescencia-2025\/\" title=\"2:10 pm\" rel=\"bookmark\"><time class=\"wp-show-posts-entry-date published\" datetime=\"2025-11-24T14:10:30+01:00\" itemprop=\"datePublished\">24\/11\/2025<\/time><\/a>\n\t\t\t\t<\/span><\/div>\t\t\t\t\t\t<\/header><!-- .entry-header -->\n\t\t\t\t\t\t\t<div class=\"wp-show-posts-image  wpsp-image-center \">\n\t\t\t<a href=\"https:\/\/www.apadahcas.org\/index.php\/2025\/11\/24\/asi-vivimos-la-jornada-de-los-derechos-de-la-infancia-y-adolescencia-2025\/\"  title=\"As\u00ed vivimos la Jornada de los Derechos de la Infancia y Adolescencia 2025\"><img loading=\"lazy\" decoding=\"async\" width=\"1080\" height=\"1350\" src=\"https:\/\/www.apadahcas.org\/wp-content\/uploads\/2025\/11\/12.png\" class=\"attachment-full size-full wp-post-image\" alt=\"\" itemprop=\"image\" srcset=\"https:\/\/www.apadahcas.org\/wp-content\/uploads\/2025\/11\/12.png 1080w, https:\/\/www.apadahcas.org\/wp-content\/uploads\/2025\/11\/12-240x300.png 240w, https:\/\/www.apadahcas.org\/wp-content\/uploads\/2025\/11\/12-819x1024.png 819w, https:\/\/www.apadahcas.org\/wp-content\/uploads\/2025\/11\/12-768x960.png 768w\" sizes=\"auto, (max-width: 1080px) 100vw, 1080px\" \/><\/a>\t\t<\/div>\n\t\t\t\t\t\t\t\t<div class=\"wp-show-posts-entry-summary\" itemprop=\"text\">\n\t\t\t\t\t\t\t<p>El pasado s\u00e1bado participamos en la Jornada de los Derechos de la Infancia y Adolescencia, celebrada en el Parque Ribalta (Castell\u00f3). Fue una ma\u00f1ana repleta de actividades, actuaciones y espacios&#8230;<\/p>\n\t\t\t\t\t\t<\/div><!-- .entry-summary -->\n\t\t\t\t\t<div class=\"wpsp-read-more\"><a title=\"As\u00ed vivimos la Jornada de los Derechos de la Infancia y Adolescencia 2025\" class=\"wp-show-posts-read-more\" href=\"https:\/\/www.apadahcas.org\/index.php\/2025\/11\/24\/asi-vivimos-la-jornada-de-los-derechos-de-la-infancia-y-adolescencia-2025\/\">Leer m\u00e1s<\/a><\/div><\/div><!-- wp-show-posts-inner --><\/article><article class=\" wp-show-posts-single post-1727 post type-post status-publish format-standard has-post-thumbnail hentry category-actividades category-apadahcas category-educacion category-escuela-familia category-eventos category-noticias category-otras-actividades wpsp-col-6\" itemtype=\"http:\/\/schema.org\/CreativeWork\" itemscope><div class=\"wp-show-posts-inner\" style=\"\">\t\t\t\t\t\t<header class=\"wp-show-posts-entry-header\">\n\t\t\t\t\t\t\t<h2 class=\"wp-show-posts-entry-title\" itemprop=\"headline\"><a href=\"https:\/\/www.apadahcas.org\/index.php\/2025\/11\/20\/celebramos-la-primera-escuela-de-familias-tras-el-verano-con-la-charla-de-fran-castellano-sobre-el-tdah-en-ninas\/\" rel=\"bookmark\">Celebramos la primera Escuela de Familias tras el verano con la charla de Fran Castellano sobre el TDAH en ni\u00f1as<\/a><\/h2><div class=\"wp-show-posts-entry-meta wp-show-posts-entry-meta-below-title post-meta-inline\"><span class=\"wp-show-posts-posted-on wp-show-posts-meta\">\n\t\t\t\t\t<a href=\"https:\/\/www.apadahcas.org\/index.php\/2025\/11\/20\/celebramos-la-primera-escuela-de-familias-tras-el-verano-con-la-charla-de-fran-castellano-sobre-el-tdah-en-ninas\/\" title=\"5:35 pm\" rel=\"bookmark\"><time class=\"wp-show-posts-entry-date published\" datetime=\"2025-11-20T17:35:24+01:00\" itemprop=\"datePublished\">20\/11\/2025<\/time><time class=\"wp-show-posts-updated\" datetime=\"2025-11-20T17:37:46+01:00\" itemprop=\"dateModified\">20\/11\/2025<\/time><\/a>\n\t\t\t\t<\/span><\/div>\t\t\t\t\t\t<\/header><!-- .entry-header -->\n\t\t\t\t\t\t\t<div class=\"wp-show-posts-image  wpsp-image-center \">\n\t\t\t<a href=\"https:\/\/www.apadahcas.org\/index.php\/2025\/11\/20\/celebramos-la-primera-escuela-de-familias-tras-el-verano-con-la-charla-de-fran-castellano-sobre-el-tdah-en-ninas\/\"  title=\"Celebramos la primera Escuela de Familias tras el verano con la charla de Fran Castellano sobre el TDAH en ni\u00f1as\"><img loading=\"lazy\" decoding=\"async\" width=\"1080\" height=\"1080\" src=\"https:\/\/www.apadahcas.org\/wp-content\/uploads\/2025\/11\/EF-15-NOV-1.png\" class=\"attachment-full size-full wp-post-image\" alt=\"\" itemprop=\"image\" srcset=\"https:\/\/www.apadahcas.org\/wp-content\/uploads\/2025\/11\/EF-15-NOV-1.png 1080w, https:\/\/www.apadahcas.org\/wp-content\/uploads\/2025\/11\/EF-15-NOV-1-300x300.png 300w, https:\/\/www.apadahcas.org\/wp-content\/uploads\/2025\/11\/EF-15-NOV-1-1024x1024.png 1024w, https:\/\/www.apadahcas.org\/wp-content\/uploads\/2025\/11\/EF-15-NOV-1-150x150.png 150w, https:\/\/www.apadahcas.org\/wp-content\/uploads\/2025\/11\/EF-15-NOV-1-768x768.png 768w\" sizes=\"auto, (max-width: 1080px) 100vw, 1080px\" \/><\/a>\t\t<\/div>\n\t\t\t\t\t\t\t\t<div class=\"wp-show-posts-entry-summary\" itemprop=\"text\">\n\t\t\t\t\t\t\t<p>El pasado 15 de noviembre retomamos nuestras Escuelas de Familias con una sesi\u00f3n especialmente enriquecedora. En esta ocasi\u00f3n contamos con la participaci\u00f3n de Fran Castellano, quien nos ofreci\u00f3 una charla&#8230;<\/p>\n\t\t\t\t\t\t<\/div><!-- .entry-summary -->\n\t\t\t\t\t<div class=\"wpsp-read-more\"><a title=\"Celebramos la primera Escuela de Familias tras el verano con la charla de Fran Castellano sobre el TDAH en ni\u00f1as\" class=\"wp-show-posts-read-more\" href=\"https:\/\/www.apadahcas.org\/index.php\/2025\/11\/20\/celebramos-la-primera-escuela-de-familias-tras-el-verano-con-la-charla-de-fran-castellano-sobre-el-tdah-en-ninas\/\">Leer m\u00e1s<\/a><\/div><\/div><!-- wp-show-posts-inner --><\/article><article class=\" wp-show-posts-single post-1724 post type-post status-publish format-standard has-post-thumbnail hentry category-actividades category-apadahcas category-asociacion category-eventos category-jornadas category-noticias category-otras-actividades category-sanidad wpsp-col-6\" itemtype=\"http:\/\/schema.org\/CreativeWork\" itemscope><div class=\"wp-show-posts-inner\" style=\"\">\t\t\t\t\t\t<header class=\"wp-show-posts-entry-header\">\n\t\t\t\t\t\t\t<h2 class=\"wp-show-posts-entry-title\" itemprop=\"headline\"><a href=\"https:\/\/www.apadahcas.org\/index.php\/2025\/11\/17\/participacion-en-la-jornada-de-los-derechos-de-la-infancia-y-adolescencia-2025\/\" rel=\"bookmark\">Participaci\u00f3n en la Jornada de los Derechos de la Infancia y Adolescencia 2025<\/a><\/h2><div class=\"wp-show-posts-entry-meta wp-show-posts-entry-meta-below-title post-meta-inline\"><span class=\"wp-show-posts-posted-on wp-show-posts-meta\">\n\t\t\t\t\t<a href=\"https:\/\/www.apadahcas.org\/index.php\/2025\/11\/17\/participacion-en-la-jornada-de-los-derechos-de-la-infancia-y-adolescencia-2025\/\" title=\"7:54 pm\" rel=\"bookmark\"><time class=\"wp-show-posts-entry-date published\" datetime=\"2025-11-17T19:54:52+01:00\" itemprop=\"datePublished\">17\/11\/2025<\/time><\/a>\n\t\t\t\t<\/span><\/div>\t\t\t\t\t\t<\/header><!-- .entry-header -->\n\t\t\t\t\t\t\t<div class=\"wp-show-posts-image  wpsp-image-center \">\n\t\t\t<a href=\"https:\/\/www.apadahcas.org\/index.php\/2025\/11\/17\/participacion-en-la-jornada-de-los-derechos-de-la-infancia-y-adolescencia-2025\/\"  title=\"Participaci\u00f3n en la Jornada de los Derechos de la Infancia y Adolescencia 2025\"><img loading=\"lazy\" decoding=\"async\" width=\"1080\" height=\"1350\" src=\"https:\/\/www.apadahcas.org\/wp-content\/uploads\/2025\/11\/APADAHCAS-FORMATO-POST-BASICO.png\" class=\"attachment-full size-full wp-post-image\" alt=\"\" itemprop=\"image\" srcset=\"https:\/\/www.apadahcas.org\/wp-content\/uploads\/2025\/11\/APADAHCAS-FORMATO-POST-BASICO.png 1080w, https:\/\/www.apadahcas.org\/wp-content\/uploads\/2025\/11\/APADAHCAS-FORMATO-POST-BASICO-240x300.png 240w, https:\/\/www.apadahcas.org\/wp-content\/uploads\/2025\/11\/APADAHCAS-FORMATO-POST-BASICO-819x1024.png 819w, https:\/\/www.apadahcas.org\/wp-content\/uploads\/2025\/11\/APADAHCAS-FORMATO-POST-BASICO-768x960.png 768w\" sizes=\"auto, (max-width: 1080px) 100vw, 1080px\" \/><\/a>\t\t<\/div>\n\t\t\t\t\t\t\t\t<div class=\"wp-show-posts-entry-summary\" itemprop=\"text\">\n\t\t\t\t\t\t\t<p>APADAHCAS participar\u00e1 en la Jornada de los Derechos de la Infancia y Adolescencia 2025 El pr\u00f3ximo s\u00e1bado 22 de noviembre, APADAHCAS participar\u00e1 en la Jornada Conmemorativa de los Derechos de&#8230;<\/p>\n\t\t\t\t\t\t<\/div><!-- .entry-summary -->\n\t\t\t\t\t<div class=\"wpsp-read-more\"><a title=\"Participaci\u00f3n en la Jornada de los Derechos de la Infancia y Adolescencia 2025\" class=\"wp-show-posts-read-more\" href=\"https:\/\/www.apadahcas.org\/index.php\/2025\/11\/17\/participacion-en-la-jornada-de-los-derechos-de-la-infancia-y-adolescencia-2025\/\">Leer m\u00e1s<\/a><\/div><\/div><!-- wp-show-posts-inner --><\/article><article class=\" wp-show-posts-single post-1720 post type-post status-publish format-standard has-post-thumbnail hentry category-actividades category-apadahcas category-asociacion category-noticias category-otras-actividades wpsp-col-6\" itemtype=\"http:\/\/schema.org\/CreativeWork\" itemscope><div class=\"wp-show-posts-inner\" style=\"\">\t\t\t\t\t\t<header class=\"wp-show-posts-entry-header\">\n\t\t\t\t\t\t\t<h2 class=\"wp-show-posts-entry-title\" itemprop=\"headline\"><a href=\"https:\/\/www.apadahcas.org\/index.php\/2025\/11\/17\/concurso-de-postales-navidenas-2025\/\" rel=\"bookmark\">Concurso de Postales Navide\u00f1as 2025<\/a><\/h2><div class=\"wp-show-posts-entry-meta wp-show-posts-entry-meta-below-title post-meta-inline\"><span class=\"wp-show-posts-posted-on wp-show-posts-meta\">\n\t\t\t\t\t<a href=\"https:\/\/www.apadahcas.org\/index.php\/2025\/11\/17\/concurso-de-postales-navidenas-2025\/\" title=\"7:51 pm\" rel=\"bookmark\"><time class=\"wp-show-posts-entry-date published\" datetime=\"2025-11-17T19:51:56+01:00\" itemprop=\"datePublished\">17\/11\/2025<\/time><\/a>\n\t\t\t\t<\/span><\/div>\t\t\t\t\t\t<\/header><!-- .entry-header -->\n\t\t\t\t\t\t\t<div class=\"wp-show-posts-image  wpsp-image-center \">\n\t\t\t<a href=\"https:\/\/www.apadahcas.org\/index.php\/2025\/11\/17\/concurso-de-postales-navidenas-2025\/\"  title=\"Concurso de Postales Navide\u00f1as 2025\"><img loading=\"lazy\" decoding=\"async\" width=\"1414\" height=\"2000\" src=\"https:\/\/www.apadahcas.org\/wp-content\/uploads\/2025\/11\/POSTALES-NAVIDENAS-2025-APADAHCAS.png\" class=\"attachment-full size-full wp-post-image\" alt=\"\" itemprop=\"image\" srcset=\"https:\/\/www.apadahcas.org\/wp-content\/uploads\/2025\/11\/POSTALES-NAVIDENAS-2025-APADAHCAS.png 1414w, https:\/\/www.apadahcas.org\/wp-content\/uploads\/2025\/11\/POSTALES-NAVIDENAS-2025-APADAHCAS-212x300.png 212w, https:\/\/www.apadahcas.org\/wp-content\/uploads\/2025\/11\/POSTALES-NAVIDENAS-2025-APADAHCAS-724x1024.png 724w, https:\/\/www.apadahcas.org\/wp-content\/uploads\/2025\/11\/POSTALES-NAVIDENAS-2025-APADAHCAS-768x1086.png 768w, https:\/\/www.apadahcas.org\/wp-content\/uploads\/2025\/11\/POSTALES-NAVIDENAS-2025-APADAHCAS-1086x1536.png 1086w\" sizes=\"auto, (max-width: 1414px) 100vw, 1414px\" \/><\/a>\t\t<\/div>\n\t\t\t\t\t\t\t\t<div class=\"wp-show-posts-entry-summary\" itemprop=\"text\">\n\t\t\t\t\t\t\t<p>APADAHCAS lanza el Concurso de Postales Navide\u00f1as 2025 Un a\u00f1o m\u00e1s, APADAHCAS pone en marcha su tradicional Concurso de Postales Navide\u00f1as, una iniciativa que invita a todas las familias socias&#8230;<\/p>\n\t\t\t\t\t\t<\/div><!-- .entry-summary -->\n\t\t\t\t\t<div class=\"wpsp-read-more\"><a title=\"Concurso de Postales Navide\u00f1as 2025\" class=\"wp-show-posts-read-more\" href=\"https:\/\/www.apadahcas.org\/index.php\/2025\/11\/17\/concurso-de-postales-navidenas-2025\/\">Leer m\u00e1s<\/a><\/div><\/div><!-- wp-show-posts-inner --><\/article><article class=\" wp-show-posts-single post-1672 post type-post status-publish format-aside has-post-thumbnail hentry category-actividades category-apadahcas category-asociacion category-escuela-familia category-formacion category-otras-actividades category-talleres post_format-post-format-aside wpsp-col-6\" itemtype=\"http:\/\/schema.org\/CreativeWork\" itemscope><div class=\"wp-show-posts-inner\" style=\"\">\t\t\t\t\t\t<header class=\"wp-show-posts-entry-header\">\n\t\t\t\t\t\t\t<h2 class=\"wp-show-posts-entry-title\" itemprop=\"headline\"><a href=\"https:\/\/www.apadahcas.org\/index.php\/2025\/09\/18\/escuelas-de-familias-acompanando-el-camino-del-tdah\/\" rel=\"bookmark\">Escuelas de Familias: Acompa\u00f1ando el camino del TDAH<\/a><\/h2><div class=\"wp-show-posts-entry-meta wp-show-posts-entry-meta-below-title post-meta-inline\"><span class=\"wp-show-posts-posted-on wp-show-posts-meta\">\n\t\t\t\t\t<a href=\"https:\/\/www.apadahcas.org\/index.php\/2025\/09\/18\/escuelas-de-familias-acompanando-el-camino-del-tdah\/\" title=\"2:38 pm\" rel=\"bookmark\"><time class=\"wp-show-posts-entry-date published\" datetime=\"2025-09-18T14:38:26+02:00\" itemprop=\"datePublished\">18\/09\/2025<\/time><time class=\"wp-show-posts-updated\" datetime=\"2025-11-10T12:04:41+01:00\" itemprop=\"dateModified\">10\/11\/2025<\/time><\/a>\n\t\t\t\t<\/span><\/div>\t\t\t\t\t\t<\/header><!-- .entry-header -->\n\t\t\t\t\t\t\t<div class=\"wp-show-posts-image  wpsp-image-center \">\n\t\t\t<a href=\"https:\/\/www.apadahcas.org\/index.php\/2025\/09\/18\/escuelas-de-familias-acompanando-el-camino-del-tdah\/\"  title=\"Escuelas de Familias: Acompa\u00f1ando el camino del TDAH\"><img loading=\"lazy\" decoding=\"async\" width=\"1080\" height=\"1350\" src=\"https:\/\/www.apadahcas.org\/wp-content\/uploads\/2025\/09\/EF-VERSION-TITULOS.png\" class=\"attachment-full size-full wp-post-image\" alt=\"\" itemprop=\"image\" srcset=\"https:\/\/www.apadahcas.org\/wp-content\/uploads\/2025\/09\/EF-VERSION-TITULOS.png 1080w, https:\/\/www.apadahcas.org\/wp-content\/uploads\/2025\/09\/EF-VERSION-TITULOS-240x300.png 240w, https:\/\/www.apadahcas.org\/wp-content\/uploads\/2025\/09\/EF-VERSION-TITULOS-819x1024.png 819w, https:\/\/www.apadahcas.org\/wp-content\/uploads\/2025\/09\/EF-VERSION-TITULOS-768x960.png 768w\" sizes=\"auto, (max-width: 1080px) 100vw, 1080px\" \/><\/a>\t\t<\/div>\n\t\t\t\t\t\t\t\t<div class=\"wp-show-posts-entry-summary\" itemprop=\"text\">\n\t\t\t\t\t\t\t<p>Las \u201cEscuelas de Familias\u201d son un espacio pensado para madres, padres y familiares de ni\u00f1os, ni\u00f1as y j\u00f3venes con TDAH. Un lugar de encuentro donde compartir experiencias, resolver dudas y&#8230;<\/p>\n\t\t\t\t\t\t<\/div><!-- .entry-summary -->\n\t\t\t\t\t<div class=\"wpsp-read-more\"><a title=\"Escuelas de Familias: Acompa\u00f1ando el camino del TDAH\" class=\"wp-show-posts-read-more\" href=\"https:\/\/www.apadahcas.org\/index.php\/2025\/09\/18\/escuelas-de-familias-acompanando-el-camino-del-tdah\/\">Leer m\u00e1s<\/a><\/div><\/div><!-- wp-show-posts-inner --><\/article><article class=\" wp-show-posts-single post-1657 post type-post status-publish format-standard hentry category-actividades category-apadahcas category-asociacion category-educacion category-eventos category-formacion category-noticias category-otras-actividades category-talleres wpsp-col-6\" itemtype=\"http:\/\/schema.org\/CreativeWork\" itemscope><div class=\"wp-show-posts-inner\" style=\"\">\t\t\t\t\t\t<header class=\"wp-show-posts-entry-header\">\n\t\t\t\t\t\t\t<h2 class=\"wp-show-posts-entry-title\" itemprop=\"headline\"><a href=\"https:\/\/www.apadahcas.org\/index.php\/2025\/08\/18\/vuelve-en-que-lios\/\" rel=\"bookmark\">\ud83c\udf1f \u00a1Vuelve \u201cEn qu\u00e9 l\u00edos\u201d! \ud83c\udf1f<\/a><\/h2><div class=\"wp-show-posts-entry-meta wp-show-posts-entry-meta-below-title post-meta-inline\"><span class=\"wp-show-posts-posted-on wp-show-posts-meta\">\n\t\t\t\t\t<a href=\"https:\/\/www.apadahcas.org\/index.php\/2025\/08\/18\/vuelve-en-que-lios\/\" title=\"2:11 pm\" rel=\"bookmark\"><time class=\"wp-show-posts-entry-date published\" datetime=\"2025-08-18T14:11:10+02:00\" itemprop=\"datePublished\">18\/08\/2025<\/time><time class=\"wp-show-posts-updated\" datetime=\"2025-09-05T09:41:18+02:00\" itemprop=\"dateModified\">05\/09\/2025<\/time><\/a>\n\t\t\t\t<\/span><\/div>\t\t\t\t\t\t<\/header><!-- .entry-header -->\n\t\t\t\t\t\t\t\t\t\t\t<div class=\"wp-show-posts-entry-summary\" itemprop=\"text\">\n\t\t\t\t\t\t\t<p>\u201cEn qu\u00e9 l\u00edos\u201d: Taller para adolescentes y familias\u00a0 Con la llegada del final del verano, lanzamos la cuarta edici\u00f3n de nuestro taller \u201cEn qu\u00e9 l\u00edos\u201d, un espacio pensado para que&#8230;<\/p>\n\t\t\t\t\t\t<\/div><!-- .entry-summary -->\n\t\t\t\t\t<div class=\"wpsp-read-more\"><a title=\"\ud83c\udf1f \u00a1Vuelve \u201cEn qu\u00e9 l\u00edos\u201d! \ud83c\udf1f\" class=\"wp-show-posts-read-more\" href=\"https:\/\/www.apadahcas.org\/index.php\/2025\/08\/18\/vuelve-en-que-lios\/\">Leer m\u00e1s<\/a><\/div><\/div><!-- wp-show-posts-inner --><\/article><article class=\" wp-show-posts-single post-1563 post type-post status-publish format-standard hentry category-apadahcas category-eventos category-noticias category-otras-actividades wpsp-col-6\" itemtype=\"http:\/\/schema.org\/CreativeWork\" itemscope><div class=\"wp-show-posts-inner\" style=\"\">\t\t\t\t\t\t<header class=\"wp-show-posts-entry-header\">\n\t\t\t\t\t\t\t<h2 class=\"wp-show-posts-entry-title\" itemprop=\"headline\"><a href=\"https:\/\/www.apadahcas.org\/index.php\/2025\/03\/13\/desayuno-informativo-sobre-la-integracion-laboral-de-personas-con-discapacidad\/\" rel=\"bookmark\">Desayuno Informativo sobre la Integraci\u00f3n Laboral de Personas con Discapacidad<\/a><\/h2><div class=\"wp-show-posts-entry-meta wp-show-posts-entry-meta-below-title post-meta-inline\"><span class=\"wp-show-posts-posted-on wp-show-posts-meta\">\n\t\t\t\t\t<a href=\"https:\/\/www.apadahcas.org\/index.php\/2025\/03\/13\/desayuno-informativo-sobre-la-integracion-laboral-de-personas-con-discapacidad\/\" title=\"7:16 pm\" rel=\"bookmark\"><time class=\"wp-show-posts-entry-date published\" datetime=\"2025-03-13T19:16:44+01:00\" itemprop=\"datePublished\">13\/03\/2025<\/time><\/a>\n\t\t\t\t<\/span><\/div>\t\t\t\t\t\t<\/header><!-- .entry-header -->\n\t\t\t\t\t\t\t\t\t\t\t<div class=\"wp-show-posts-entry-summary\" itemprop=\"text\">\n\t\t\t\t\t\t\t<p>El pr\u00f3ximo 20 de marzo de 2025, la Universitat Jaume I, en colaboraci\u00f3n con diversas entidades, organiza un evento clave para la inclusi\u00f3n laboral de personas con discapacidad. Desde APADAHCAS,&#8230;<\/p>\n\t\t\t\t\t\t<\/div><!-- .entry-summary -->\n\t\t\t\t\t<div class=\"wpsp-read-more\"><a title=\"Desayuno Informativo sobre la Integraci\u00f3n Laboral de Personas con Discapacidad\" class=\"wp-show-posts-read-more\" href=\"https:\/\/www.apadahcas.org\/index.php\/2025\/03\/13\/desayuno-informativo-sobre-la-integracion-laboral-de-personas-con-discapacidad\/\">Leer m\u00e1s<\/a><\/div><\/div><!-- wp-show-posts-inner --><\/article><div class=\"wpsp-clear\"><\/div><\/section><!-- .wp-show-posts -->\n","protected":false},"excerpt":{"rendered":"","protected":false},"author":2,"featured_media":402,"parent":0,"menu_order":0,"comment_status":"closed","ping_status":"closed","template":"sidebar-page.php","meta":{"footnotes":""},"class_list":["post-508","page","type-page","status-publish","has-post-thumbnail","hentry"],"jetpack_sharing_enabled":true,"_links":{"self":[{"href":"https:\/\/www.apadahcas.org\/index.php\/wp-json\/wp\/v2\/pages\/508","targetHints":{"allow":["GET"]}}],"collection":[{"href":"https:\/\/www.apadahcas.org\/index.php\/wp-json\/wp\/v2\/pages"}],"about":[{"href":"https:\/\/www.apadahcas.org\/index.php\/wp-json\/wp\/v2\/types\/page"}],"author":[{"embeddable":true,"href":"https:\/\/www.apadahcas.org\/index.php\/wp-json\/wp\/v2\/users\/2"}],"replies":[{"embeddable":true,"href":"https:\/\/www.apadahcas.org\/index.php\/wp-json\/wp\/v2\/comments?post=508"}],"version-history":[{"count":3,"href":"https:\/\/www.apadahcas.org\/index.php\/wp-json\/wp\/v2\/pages\/508\/revisions"}],"predecessor-version":[{"id":1059,"href":"https:\/\/www.apadahcas.org\/index.php\/wp-json\/wp\/v2\/pages\/508\/revisions\/1059"}],"wp:featuredmedia":[{"embeddable":true,"href":"https:\/\/www.apadahcas.org\/index.php\/wp-json\/wp\/v2\/media\/402"}],"wp:attachment":[{"href":"https:\/\/www.apadahcas.org\/index.php\/wp-json\/wp\/v2\/media?parent=508"}],"curies":[{"name":"wp","href":"https:\/\/api.w.org\/{rel}","templated":true}]}}