{"id":3,"date":"2022-01-27T17:55:48","date_gmt":"2022-01-27T17:55:48","guid":{"rendered":"https:\/\/new.apadahcas.org\/?page_id=3"},"modified":"2025-12-11T09:26:48","modified_gmt":"2025-12-11T08:26:48","slug":"privacy-policy","status":"publish","type":"page","link":"https:\/\/www.apadahcas.org\/index.php\/privacy-policy\/","title":{"rendered":"Pol\u00edtica de privacidad"},"content":{"rendered":"\r\n<p><strong>Pol\u00edtica<\/strong> <strong>de<\/strong> <strong>Privacidad<\/strong><\/p>\r\n<p>ASOCIACION DE PADRES DE AFECTADOS POR DEFICIT DE ATENCION E HIPERACTIVIDAD DE LA PROVINCIA DE CASTELLON &#8211; APADAHCAS est\u00e1 especialmente\u00a0 sensibilizada \u00a0en \u00a0la protecci\u00f3n \u00a0de\u00a0 datos\u00a0 de \u00a0car\u00e1cter\u00a0 personal \u00a0de los Usuarios de los servicios del sitio Web. Mediante la presente Pol\u00edtica de Privacidad (en adelante, la Pol\u00edtica) ASOCIACION DE PADRES DE AFECTADOS POR DEFICIT DE ATENCION E HIPERACTIVIDAD DE LA PROVINCIA DE CASTELLON &#8211; APADAHCAS, informa a los USUARIOS de este sitio web, de los usos a los que se someten los datos de car\u00e1cter personal que se recaban en sitio Web, con el fin de que decidan, libre y voluntariamente, si desean facilitar la informaci\u00f3n solicitada.<\/p>\r\n<p>ASOCIACION DE PADRES DE AFECTADOS POR DEFICIT DE ATENCION E HIPERACTIVIDAD DE LA PROVINCIA DE CASTELLON &#8211; APADAHCAS se reserva la facultad\u00a0 \u00a0de\u00a0\u00a0 modificar\u00a0\u00a0 esta\u00a0 \u00a0Pol\u00edtica\u00a0 \u00a0con\u00a0 \u00a0el\u00a0 \u00a0objeto\u00a0\u00a0 de\u00a0\u00a0 adaptarla\u00a0 \u00a0a\u00a0 \u00a0novedades legislativas,\u00a0 \u00a0criterios\u00a0\u00a0 jurisprudenciales,\u00a0 \u00a0pr\u00e1cticas\u00a0\u00a0 del\u00a0 \u00a0sector,\u00a0 \u00a0o\u00a0\u00a0 intereses\u00a0\u00a0 de\u00a0\u00a0 la entidad.\u00a0 \u00a0Cualquier\u00a0 \u00a0modificaci\u00f3n\u00a0 \u00a0en\u00a0 \u00a0la\u00a0\u00a0 misma\u00a0 \u00a0ser\u00e1\u00a0 \u00a0anunciada\u00a0 \u00a0con\u00a0 \u00a0la\u00a0 \u00a0debida antelaci\u00f3n, a fin de que tenga perfecto conocimiento de su contenido.<\/p>\r\n<p><strong>Responsable<\/strong><\/p>\r\n<p>El\u00a0\u00a0 \u00a0Responsable\u00a0\u00a0\u00a0 del\u00a0\u00a0 \u00a0Tratamiento\u00a0\u00a0\u00a0 de\u00a0\u00a0 \u00a0los\u00a0\u00a0 \u00a0datos\u00a0\u00a0 \u00a0de\u00a0\u00a0\u00a0 car\u00e1cter\u00a0\u00a0 \u00a0personal\u00a0 \u00a0es: Identidad: ASOCIACION DE PADRES DE AFECTADOS POR DEFICIT DE ATENCION E HIPERACTIVIDAD DE LA PROVINCIA DE CASTELLON &#8211; APADAHCAS con NIF: G12834024, en adelante ENTIDAD Direcci\u00f3n: C\/ DEAN MARTI 46, ENTLO.,\u00a0 \u00a0 12004 &#8211; CASTELLON E-mail: <a href=\"mailto:asociacion@apadahcas.org\">asociacion@apadahcas.org<\/a><\/p>\r\n<p><strong>Delegado de protecci\u00f3n de datos<\/strong><\/p>\r\n<p>Contacto por email: <a href=\"mailto:info@aemol.com\">info@aemol.com<\/a><\/p>\r\n<p><strong>Finalidad del tratamiento<\/strong><\/p>\r\n<p>La recogida y tratamiento de los datos personales recogidos a trav\u00e9s del formulario de contacto, tiene como finalidad la gesti\u00f3n, administraci\u00f3n, prestaci\u00f3n, ampliaci\u00f3n y mejora de los servicios prestados por ASOCIACION DE PADRES DE AFECTADOS POR DEFICIT DE ATENCION E HIPERACTIVIDAD DE LA PROVINCIA DE CASTELLON &#8211; APADAHCAS, atendiendo a las solicitudes de informaci\u00f3n y\/o consultas planteadas.<\/p>\r\n<p><strong>Plazo de conservaci\u00f3n<\/strong><\/p>\r\n<p>Los \u00a0datos\u00a0 personales\u00a0 proporcionados\u00a0 se \u00a0conservar\u00e1n \u00a0durante \u00a0el \u00a0plazo correspondiente para cumplir con las obligaciones legales, o hasta que se solicite su supresi\u00f3n por el interesado y este est\u00e9 legitimado para ello.<\/p>\r\n<p><strong>Legitimaci\u00f3n<\/strong><\/p>\r\n<p>ASOCIACION DE PADRES DE AFECTADOS POR DEFICIT DE ATENCION E HIPERACTIVIDAD DE LA PROVINCIA DE CASTELLON &#8211; APADAHCAS est\u00e1 legitimado al tratamiento de datos personales, en base al consentimiento otorgado por el interesado para uno o varios fines espec\u00edficos, tal y como recoge el art\u00edculo 6.1.a) y 6.1.b)\u00a0del\u00a0Reglamento\u00a0General\u00a0de\u00a0Protecci\u00f3n\u00a0de\u00a0datos\u00a0personales.<\/p>\r\n<p><strong>Destinatarios<\/strong><\/p>\r\n<p>Los datos personales recabados pueden ser cedidos a: [empresas a las que ceden datos] para cumplir con las finalidades anteriormente indicadas.<\/p>\r\n<p>No ser\u00e1n cedidos o comunicados a otros terceros, salvo en los supuestos necesarios para el desarrollo, control y cumplimiento de la\/s finalidad\/es expresada\/s, en los supuestos previstos seg\u00fan Ley, as\u00ed como en los casos espec\u00edficos, de los que se informe expresamente al Usuario.<\/p>\r\n<p><strong>Derechos de los usuarios<\/strong><\/p>\r\n<p>\u00bfCu\u00e1les son sus derechos cuando nos facilita sus datos?<\/p>\r\n<ul>\r\n<li>Acceso: \u00a0El \u00a0interesado \u00a0tiene \u00a0derecho \u00a0a \u00a0saber \u00a0qu\u00e9 \u00a0datos \u00a0est\u00e1 \u00a0tratando \u00a0la ENTIDAD sobre \u00e9l.<\/li>\r\n<li>Rectificaci\u00f3n: El interesado tiene \u00a0derecho \u00a0a \u00a0solicitar \u00a0la \u00a0rectificaci\u00f3n\u00a0 de \u00a0los datos inexactos.<\/li>\r\n<li>Supresi\u00f3n: El interesado tiene derecho a solicitar la supresi\u00f3n de sus datos cuando, entro otros motivos, los datos no sean necesarios para los fines que fueron recogidos.<\/li>\r\n<li>Limitaci\u00f3n del \u00a0tratamiento: \u00a0En \u00a0determinadas \u00a0circunstancias \u00a0el \u00a0interesado podr\u00e1 solicitar la limitaci\u00f3n del tratamiento de sus datos, en cuyo caso \u00fanicamente\u00a0 los\u00a0 conservaremos\u00a0 para \u00a0el \u00a0ejercicio\u00a0 o\u00a0 la \u00a0defensa \u00a0de reclamaciones.<\/li>\r\n<li>Oposici\u00f3n: En determinadas circunstancias el interesado podr\u00e1 oponerse al tratamiento de\u00a0 sus \u00a0datos. \u00a0En \u00a0ese\u00a0 caso \u00a0la \u00a0ENTIDAD \u00a0dejar\u00e1 \u00a0de \u00a0tratar\u00a0 sus datos, salvo por motivos leg\u00edtimos imperiosos o el ejercicio o la defensa de posibles reclamaciones.<\/li>\r\n<li>Portabilidad de los datos: S\u00f3lo aplicable a datos automatizados y consiste en pasar los datos desde la ENTIDAD a otro nuevo RESPONSABLE DEL TRATAMIENTO (no al interesado y por solicitud del mismo).<\/li>\r\n<\/ul>\r\n<p>Puede usted ejercer sus derechos incluido el derecho a retirar su consentimiento (si este fue otorgado) enviando un escrito a ASOCIACION DE PADRES DE AFECTADOS POR DEFICIT DE ATENCION E HIPERACTIVIDAD DE LA PROVINCIA DE CASTELLON &#8211; APADAHCAS en C\/ DEAN MARTI 46, ENTLO., 12004 &#8211; CASTELLON o enviando un e- mail a <a href=\"mailto:asociacion@apadahcas.org\">asociacion@apadahcas.org<\/a><\/p>\r\n<p>Adem\u00e1s \u00a0tiene\u00a0 usted \u00a0derecho \u00a0a \u00a0presentar\u00a0 una \u00a0reclamaci\u00f3n \u00a0ante\u00a0 la \u00a0Autoridad \u00a0de Control en materia de Protecci\u00f3n de Datos, actualmente la Agencia Espa\u00f1ola de Protecci\u00f3n de Datos.<\/p>\r\n<p><strong>Medidas de seguridad<\/strong><\/p>\r\n<p>El \u00a0responsable\u00a0 del \u00a0tratamiento\u00a0 ASOCIACION \u00a0DE \u00a0PADRES \u00a0DE\u00a0 AFECTADOS \u00a0POR DEFICIT DE ATENCION E HIPERACTIVIDAD DE LA PROVINCIA DE CASTELLON &#8211; APADAHCAS aplicar\u00e1 medidas t\u00e9cnicas y organizativas apropiadas para garantizar un nivel de seguridad adecuado al riesgo del mismo.<\/p>\r\n<p><strong>Transferencias internacionales<\/strong><\/p>\r\n<p>NO se realizan transferencias internacionales.<\/p>\r\n<p><b>Perfiles y tomas de decisiones automatizadas<\/b><\/p>\r\n<p>NO se elaboran perfiles, NO se toman decisiones automatizadas con los datos facilitados por el usuario.<\/p>\r\n<h2 class=\"wp-block-heading\">Qui\u00e9nes somos<\/h2>\r\n\r\n\r\n\r\n<p>La direcci\u00f3n de nuestra web es: https:\/\/new.apadahcas.org.<\/p>\r\n\r\n\r\n\r\n<h2 class=\"wp-block-heading\">Comentarios<\/h2>\r\n\r\n\r\n\r\n<p>Cuando los visitantes dejan comentarios en la web, recopilamos los datos que se muestran en el formulario de comentarios, as\u00ed como la direcci\u00f3n IP del visitante y la cadena de agentes de usuario del navegador para ayudar a la detecci\u00f3n de spam.<\/p>\r\n\r\n\r\n\r\n<p>Una cadena an\u00f3nima creada a partir de tu direcci\u00f3n de correo electr\u00f3nico (tambi\u00e9n llamada hash) puede ser proporcionada al servicio de Gravatar para ver si la est\u00e1s usando. La pol\u00edtica de privacidad del servicio Gravatar est\u00e1 disponible aqu\u00ed: https:\/\/automattic.com\/privacy\/. Despu\u00e9s de la aprobaci\u00f3n de tu comentario, la imagen de tu perfil es visible para el p\u00fablico en el contexto de tu comentario.<\/p>\r\n\r\n\r\n\r\n<h2 class=\"wp-block-heading\">Medios<\/h2>\r\n\r\n\r\n\r\n<p>Si subes im\u00e1genes a la web, deber\u00edas evitar subir im\u00e1genes con datos de ubicaci\u00f3n (GPS EXIF) incluidos. Los visitantes de la web pueden descargar y extraer cualquier dato de ubicaci\u00f3n de las im\u00e1genes de la web.<\/p>\r\n\r\n\r\n\r\n<h2 class=\"wp-block-heading\">Cookies<\/h2>\r\n\r\n\r\n\r\n<p>Si dejas un comentario en nuestro sitio puedes elegir guardar tu nombre, direcci\u00f3n de correo electr\u00f3nico y web en cookies. Esto es para tu comodidad, para que no tengas que volver a rellenar tus datos cuando dejes otro comentario. Estas cookies tendr\u00e1n una duraci\u00f3n de un a\u00f1o.<\/p>\r\n\r\n\r\n\r\n<p>Si tienes una cuenta y te conectas a este sitio, instalaremos una cookie temporal para determinar si tu navegador acepta cookies. Esta cookie no contiene datos personales y se elimina al cerrar el navegador.<\/p>\r\n\r\n\r\n\r\n<p>Cuando accedas, tambi\u00e9n instalaremos varias cookies para guardar tu informaci\u00f3n de acceso y tus opciones de visualizaci\u00f3n de pantalla. Las cookies de acceso duran dos d\u00edas, y las cookies de opciones de pantalla duran un a\u00f1o. Si seleccionas \u00abRecu\u00e9rdarme\u00bb, tu acceso perdurar\u00e1 durante dos semanas. Si sales de tu cuenta, las cookies de acceso se eliminar\u00e1n.<\/p>\r\n\r\n\r\n\r\n<p>Si editas o publicas un art\u00edculo se guardar\u00e1 una cookie adicional en tu navegador. Esta cookie no incluye datos personales y simplemente indica el ID del art\u00edculo que acabas de editar. Caduca despu\u00e9s de 1 d\u00eda.<\/p>\r\n\r\n\r\n\r\n<h2 class=\"wp-block-heading\">Contenido incrustado de otros sitios web<\/h2>\r\n\r\n\r\n\r\n<p>Los art\u00edculos de este sitio pueden incluir contenido incrustado (por ejemplo, v\u00eddeos, im\u00e1genes, art\u00edculos, etc.). El contenido incrustado de otras webs se comporta exactamente de la misma manera que si el visitante hubiera visitado la otra web.<\/p>\r\n\r\n\r\n\r\n<p>Estas web pueden recopilar datos sobre ti, utilizar cookies, incrustar un seguimiento adicional de terceros, y supervisar tu interacci\u00f3n con ese contenido incrustado, incluido el seguimiento de tu interacci\u00f3n con el contenido incrustado si tienes una cuenta y est\u00e1s conectado a esa web.<\/p>\r\n\r\n\r\n\r\n<h2 class=\"wp-block-heading\">Con qui\u00e9n compartimos tus datos<\/h2>\r\n\r\n\r\n\r\n<p>Si solicitas un restablecimiento de contrase\u00f1a, tu direcci\u00f3n IP ser\u00e1 incluida en el correo electr\u00f3nico de restablecimiento.<\/p>\r\n\r\n\r\n\r\n<h2 class=\"wp-block-heading\">Cu\u00e1nto tiempo conservamos tus datos<\/h2>\r\n\r\n\r\n\r\n<p>Si dejas un comentario, el comentario y sus metadatos se conservan indefinidamente. Esto es para que podamos reconocer y aprobar comentarios sucesivos autom\u00e1ticamente, en lugar de mantenerlos en una cola de moderaci\u00f3n.<\/p>\r\n\r\n\r\n\r\n<p>De los usuarios que se registran en nuestra web (si los hay), tambi\u00e9n almacenamos la informaci\u00f3n personal que proporcionan en su perfil de usuario. Todos los usuarios pueden ver, editar o eliminar su informaci\u00f3n personal en cualquier momento (excepto que no pueden cambiar su nombre de usuario). Los administradores de la web tambi\u00e9n pueden ver y editar esa informaci\u00f3n.<\/p>\r\n\r\n\r\n\r\n<h2 class=\"wp-block-heading\">Qu\u00e9 derechos tienes sobre tus datos<\/h2>\r\n\r\n\r\n\r\n<p>Si tienes una cuenta o has dejado comentarios en esta web, puedes solicitar recibir un archivo de exportaci\u00f3n de los datos personales que tenemos sobre ti, incluyendo cualquier dato que nos hayas proporcionado. Tambi\u00e9n puedes solicitar que eliminemos cualquier dato personal que tengamos sobre ti. Esto no incluye ning\u00fan dato que estemos obligados a conservar con fines administrativos, legales o de seguridad.<\/p>\r\n\r\n\r\n\r\n<h2 class=\"wp-block-heading\">D\u00f3nde enviamos tus datos<\/h2>\r\n\r\n\r\n\r\n<p>Los comentarios de los visitantes puede que los revise un servicio de detecci\u00f3n autom\u00e1tica de spam.<\/p>\r\n","protected":false},"excerpt":{"rendered":"<p>Pol\u00edtica de Privacidad ASOCIACION DE PADRES DE AFECTADOS POR DEFICIT DE ATENCION E HIPERACTIVIDAD DE LA PROVINCIA DE CASTELLON &#8211; APADAHCAS est\u00e1 especialmente\u00a0 sensibilizada \u00a0en \u00a0la protecci\u00f3n \u00a0de\u00a0 datos\u00a0 de \u00a0car\u00e1cter\u00a0 personal \u00a0de los Usuarios de los servicios del sitio &hellip; <a href=\"https:\/\/www.apadahcas.org\/index.php\/privacy-policy\/\">Sigue leyendo <span class=\"meta-nav\">&rarr;<\/span><\/a><\/p>\n","protected":false},"author":1,"featured_media":0,"parent":0,"menu_order":0,"comment_status":"closed","ping_status":"open","template":"sidebar-page.php","meta":{"footnotes":""},"class_list":["post-3","page","type-page","status-publish","hentry"],"jetpack_sharing_enabled":true,"_links":{"self":[{"href":"https:\/\/www.apadahcas.org\/index.php\/wp-json\/wp\/v2\/pages\/3","targetHints":{"allow":["GET"]}}],"collection":[{"href":"https:\/\/www.apadahcas.org\/index.php\/wp-json\/wp\/v2\/pages"}],"about":[{"href":"https:\/\/www.apadahcas.org\/index.php\/wp-json\/wp\/v2\/types\/page"}],"author":[{"embeddable":true,"href":"https:\/\/www.apadahcas.org\/index.php\/wp-json\/wp\/v2\/users\/1"}],"replies":[{"embeddable":true,"href":"https:\/\/www.apadahcas.org\/index.php\/wp-json\/wp\/v2\/comments?post=3"}],"version-history":[{"count":4,"href":"https:\/\/www.apadahcas.org\/index.php\/wp-json\/wp\/v2\/pages\/3\/revisions"}],"predecessor-version":[{"id":1752,"href":"https:\/\/www.apadahcas.org\/index.php\/wp-json\/wp\/v2\/pages\/3\/revisions\/1752"}],"wp:attachment":[{"href":"https:\/\/www.apadahcas.org\/index.php\/wp-json\/wp\/v2\/media?parent=3"}],"curies":[{"name":"wp","href":"https:\/\/api.w.org\/{rel}","templated":true}]}}